{"id":5744,"date":"2024-11-17T23:10:24","date_gmt":"2024-11-17T22:10:24","guid":{"rendered":"https:\/\/www.fiwonline.de\/aktuelles\/archiv-2023-copy\/"},"modified":"2024-11-18T00:51:21","modified_gmt":"2024-11-17T23:51:21","slug":"archiv-2022","status":"publish","type":"page","link":"https:\/\/www.fiwonline.de\/en\/aktuelles\/archiv-2022\/","title":{"rendered":"Archiv 2022"},"content":{"rendered":"<div data-elementor-type=\"wp-page\" data-elementor-id=\"5744\" class=\"elementor elementor-5744\">\n\t\t\t\t<div class=\"elementor-element elementor-element-c1d2a4f e-flex e-con-boxed e-con e-parent\" data-id=\"c1d2a4f\" data-element_type=\"container\" data-e-type=\"container\">\r\n\t\t\t\t\t<div class=\"e-con-inner\">\r\n\t\t\t\t<div class=\"elementor-element elementor-element-3969c52 flex-horizontal-align-default flex-horizontal-align-tablet-default flex-horizontal-align-mobile-default flex-vertical-align-default flex-vertical-align-tablet-default flex-vertical-align-mobile-default elementor-widget elementor-widget-spacer\" data-id=\"3969c52\" data-element_type=\"widget\" data-e-type=\"widget\" data-widget_type=\"spacer.default\">\n\t\t\t\t<div class=\"elementor-widget-container\">\n\t\t\t\t\t\t\t<div class=\"elementor-spacer\">\n\t\t\t<div class=\"elementor-spacer-inner\"><\/div>\n\t\t<\/div>\n\t\t\t\t\t\t<\/div>\n\t\t\t\t<\/div>\n\t\t\t\t<div class=\"elementor-element elementor-element-acdebf0 flex-horizontal-align-default flex-horizontal-align-tablet-default flex-horizontal-align-mobile-default flex-vertical-align-default flex-vertical-align-tablet-default flex-vertical-align-mobile-default elementor-widget elementor-widget-thegem-template-post-title\" data-id=\"acdebf0\" data-element_type=\"widget\" data-e-type=\"widget\" data-widget_type=\"thegem-template-post-title.default\">\n\t\t\t\t<div class=\"elementor-widget-container\">\n\t\t\t\t\t<div class=\"thegem-te-post-title\"> <h3 class=\"post-title\"> <span>Archiv 2022<\/span> <\/h3> <\/div>\t\t\t\t<\/div>\n\t\t\t\t<\/div>\n\t\t\t\t\t<\/div>\n\t\t\t\t<\/div>\n\t\t<div class=\"elementor-element elementor-element-a6c8185 e-flex e-con-boxed e-con e-parent\" data-id=\"a6c8185\" data-element_type=\"container\" data-e-type=\"container\">\r\n\t\t\t\t\t<div class=\"e-con-inner\">\r\n\t\t<div class=\"elementor-element elementor-element-f02b488 e-con-full e-flex e-con e-child\" data-id=\"f02b488\" data-element_type=\"container\" data-e-type=\"container\">\r\n\t\t\t\t<div class=\"elementor-element elementor-element-0c16cfb elementor-widget__width-initial flex-horizontal-align-default flex-horizontal-align-tablet-default flex-horizontal-align-mobile-default flex-vertical-align-default flex-vertical-align-tablet-default flex-vertical-align-mobile-default elementor-widget elementor-widget-shortcode\" data-id=\"0c16cfb\" data-element_type=\"widget\" data-e-type=\"widget\" data-settings=\"{&quot;thegem_custom_css&quot;:&quot;.custom-posts-wrapper {\\n    width: 100%; \\\/* Adjust as necessary *\\\/\\n}\\n\\n\\\/* Ensure each post item is displayed correctly *\\\/\\n.custom-post-item {\\n    border-bottom: 1px solid #e0e0e0; \\\/* Thin line at the bottom of each item *\\\/\\n    padding: 0.5em 0; \\\/* Add padding for better spacing *\\\/\\n}\\n\\n\\\/* Wrapper for date and title *\\\/\\n.date-title-wrapper {\\n    display: flex; \\\/* Use flexbox for alignment *\\\/\\n    align-items: center; \\\/* Vertically center items *\\\/\\n}\\n\\n\\\/* Custom date styles *\\\/\\n.custom-date {\\n    text-align: center;\\n    line-height: 1; \\\/* Set line height to reduce spacing between date elements *\\\/\\n    margin: 0; \\\/* Remove margin *\\\/\\n}\\n\\n.custom-date .day {\\n    color: #3366ff; \\\/* Day color *\\\/\\n    font-size: 15pt; \\\/* Day font size *\\\/\\n    font-weight: bold; \\\/* Day font weight *\\\/\\n}\\n\\n.custom-date .month {\\n    font-size: 10pt; \\\/* Month font size *\\\/\\n    font-weight: bold; \\\/* Month font weight *\\\/\\n    display: block; \\\/* Keep month on a new line *\\\/\\n}\\n\\n.custom-date .year {\\n    font-size: 9pt; \\\/* Year font size *\\\/\\n    font-weight: normal; \\\/* Year font weight *\\\/\\n    display: block; \\\/* Keep year on a new line *\\\/\\n}\\n\\n\\\/* Title styles *\\\/\\n.custom-title {\\n    padding-left: 15px; \\\/* Space between date and title *\\\/\\n    font-size: 2rem; \\\/* Title font size *\\\/\\n    text-align: left; \\\/* Ensure title is left aligned *\\\/\\n    color: inherit; \\\/* Inherit default theme color *\\\/\\n    white-space: nowrap; \\\/* Prevents text from wrapping *\\\/\\n    overflow: hidden; \\\/* Ensures that the text beyond the width is hidden *\\\/\\n    text-overflow: ellipsis;  \\n    margin: 0; \\\/* Remove margin *\\\/\\n}\\n\\n\\\/* Link styling for custom titles *\\\/\\n.custom-title a {\\n    text-decoration: none; \\\/* Remove underline *\\\/\\n    color: inherit; \\\/* Use theme&#039;s default color *\\\/\\n}\\n\\n.custom-title a:hover {\\n    color: #0066cc; \\\/* Change title color on hover *\\\/\\n    text-decoration: underline; \\\/* Underline on hover *\\\/\\n}&quot;}\" data-widget_type=\"shortcode.default\">\n\t\t\t\t<div class=\"elementor-widget-container\">\n\t\t\t\t\t\t\t<div class=\"elementor-shortcode\">\n<div class=\"custom-posts-wrapper\"><div class=\"custom-post-item\"><div class=\"date-title-wrapper\"><p class=\"custom-date\"><span class=\"day\">16<\/span><span class=\"month\">Nov<\/span><span class=\"year\">2022<\/span><\/p><span class=\"custom-title\"><a href=\"https:\/\/www.fiwonline.de\/en\/beihilferechtlicher-rahmen-fuer-forschung-entwicklung-und-innovation-neufassung-2022\/\">Beihilferechtlicher Rahmen f\u00fcr Forschung, Entwicklung und Innovation \u2013 Neufassung 2022<\/a><\/span><\/div><\/div><div class=\"custom-post-item\"><div class=\"date-title-wrapper\"><p class=\"custom-date\"><span class=\"day\">16<\/span><span class=\"month\">Nov<\/span><span class=\"year\">2022<\/span><\/p><span class=\"custom-title\"><a href=\"https:\/\/www.fiwonline.de\/en\/eu-kommission-konsultiert-zum-entwurf-einer-neuen-marktdefinitionsbekanntmachung\/\">EU-Kommission konsultiert zum Entwurf einer neuen Marktdefinitionsbekanntmachung<\/a><\/span><\/div><\/div><div class=\"custom-post-item\"><div class=\"date-title-wrapper\"><p class=\"custom-date\"><span class=\"day\">11<\/span><span class=\"month\">Nov<\/span><span class=\"year\">2022<\/span><\/p><span class=\"custom-title\"><a href=\"https:\/\/www.fiwonline.de\/en\/bmwk-veroeffentlicht-auftragsstudie-zu-datenzugangsregeln-mit-bezug-zum-wettbewerbsrecht\/\">BMWK ver\u00f6ffentlicht Auftragsstudie zu Datenzugangsregeln mit Bezug zum Wettbewerbsrecht<\/a><\/span><\/div><\/div><div class=\"custom-post-item\"><div class=\"date-title-wrapper\"><p class=\"custom-date\"><span class=\"day\">10<\/span><span class=\"month\">Nov<\/span><span class=\"year\">2022<\/span><\/p><span class=\"custom-title\"><a href=\"https:\/\/www.fiwonline.de\/en\/eu-kommission-nimmt-zweite-aenderung-des-befristeten-krisenrahmens-tcf-an\/\">EU-Kommission nimmt zweite \u00c4nderung des Befristeten Krisenrahmens (TCF) an<\/a><\/span><\/div><\/div><div class=\"custom-post-item\"><div class=\"date-title-wrapper\"><p class=\"custom-date\"><span class=\"day\">10<\/span><span class=\"month\">Nov<\/span><span class=\"year\">2022<\/span><\/p><span class=\"custom-title\"><a href=\"https:\/\/www.fiwonline.de\/en\/usa-geplante-aenderungen-in-der-u-s-amerikanischen-kartellrechtsdurchsetzung-und-fusionskontrolle\/\">USA: Geplante \u00c4nderungen in der U.S.-amerikanischen Kartellrechtsdurchsetzung und Fusionskontrolle<\/a><\/span><\/div><\/div><div class=\"custom-post-item\"><div class=\"date-title-wrapper\"><p class=\"custom-date\"><span class=\"day\">14<\/span><span class=\"month\">Oct<\/span><span class=\"year\">2022<\/span><\/p><span class=\"custom-title\"><a href=\"https:\/\/www.fiwonline.de\/en\/bmwk-veroeffentlicht-gesetzentwurf-fuer-11-gwb-novelle-wettbewerbsdurchsetzungsgesetz\/\">BMWK ver\u00f6ffentlicht Gesetzentwurf f\u00fcr 11. GWB-Novelle (\u201eWettbewerbsdurchsetzungsgesetz\u201c)<\/a><\/span><\/div><\/div><div class=\"custom-post-item\"><div class=\"date-title-wrapper\"><p class=\"custom-date\"><span class=\"day\">11<\/span><span class=\"month\">Oct<\/span><span class=\"year\">2022<\/span><\/p><span class=\"custom-title\"><a href=\"https:\/\/www.fiwonline.de\/en\/eu-kommission-veroeffentlicht-aktualisierte-bekanntmachung-ueber-informelle-beratung-fuer-unternehmen\/\">EU-Kommission ver\u00f6ffentlicht aktualisierte Bekanntmachung \u00fcber informelle Beratung f\u00fcr Unternehmen.<\/a><\/span><\/div><\/div><div class=\"custom-post-item\"><div class=\"date-title-wrapper\"><p class=\"custom-date\"><span class=\"day\">11<\/span><span class=\"month\">Oct<\/span><span class=\"year\">2022<\/span><\/p><span class=\"custom-title\"><a href=\"https:\/\/www.fiwonline.de\/en\/rede-von-wettbewerbskommissarin-vestager-zur-fusionskontrolle\/\">Rede von Wettbewerbskommissarin Vestager zur Fusionskontrolle<\/a><\/span><\/div><\/div><div class=\"custom-post-item\"><div class=\"date-title-wrapper\"><p class=\"custom-date\"><span class=\"day\">16<\/span><span class=\"month\">Sep<\/span><span class=\"year\">2022<\/span><\/p><span class=\"custom-title\"><a href=\"https:\/\/www.fiwonline.de\/en\/eu-veroeffentlicht-beihilfenanzeiger-2021\/\">EU ver\u00f6ffentlicht Beihilfenanzeiger 2021<\/a><\/span><\/div><\/div><div class=\"custom-post-item\"><div class=\"date-title-wrapper\"><p class=\"custom-date\"><span class=\"day\">9<\/span><span class=\"month\">Sep<\/span><span class=\"year\">2022<\/span><\/p><span class=\"custom-title\"><a href=\"https:\/\/www.fiwonline.de\/en\/bundeskartellamt-veroeffentlicht-jahresbericht-2021-2022\/\">Bundeskartellamt ver\u00f6ffentlicht Jahresbericht 2021\/2022<\/a><\/span><\/div><\/div><div class=\"custom-post-item\"><div class=\"date-title-wrapper\"><p class=\"custom-date\"><span class=\"day\">9<\/span><span class=\"month\">Sep<\/span><span class=\"year\">2022<\/span><\/p><span class=\"custom-title\"><a href=\"https:\/\/www.fiwonline.de\/en\/eu-kommission-ueberarbeitet-ihre-buergschaftsmitteilung\/\">EU-Kommission \u00fcberarbeitet ihre B\u00fcrgschaftsmitteilung<\/a><\/span><\/div><\/div><div class=\"custom-post-item\"><div class=\"date-title-wrapper\"><p class=\"custom-date\"><span class=\"day\">30<\/span><span class=\"month\">Aug<\/span><span class=\"year\">2022<\/span><\/p><span class=\"custom-title\"><a href=\"https:\/\/www.fiwonline.de\/en\/eu-kommission-konsultiert-zur-gvo-fuer-schifffahrtskonsortien\/\">EU-Kommission konsultiert zur GVO f\u00fcr Schifffahrtskonsortien<\/a><\/span><\/div><\/div><div class=\"custom-post-item\"><div class=\"date-title-wrapper\"><p class=\"custom-date\"><span class=\"day\">30<\/span><span class=\"month\">Aug<\/span><span class=\"year\">2022<\/span><\/p><span class=\"custom-title\"><a href=\"https:\/\/www.fiwonline.de\/en\/vorlaeufiger-konsolidierter-text-der-verordnung-gegen-verzerrende-drittstaatliche-subventionen-veroeffentlicht\/\">Vorl\u00e4ufiger konsolidierter Text der Verordnung gegen verzerrende drittstaatliche Subventionen ver\u00f6ffentlicht<\/a><\/span><\/div><\/div><div class=\"custom-post-item\"><div class=\"date-title-wrapper\"><p class=\"custom-date\"><span class=\"day\">22<\/span><span class=\"month\">Aug<\/span><span class=\"year\">2022<\/span><\/p><span class=\"custom-title\"><a href=\"https:\/\/www.fiwonline.de\/en\/eu-kommission-beschliesst-aenderungen-am-befristeten-eu-krisenbeihilferahmen\/\">EU-Kommission beschlie\u00dft \u00c4nderungen am Befristeten EU-Krisenbeihilferahmen<\/a><\/span><\/div><\/div><div class=\"custom-post-item\"><div class=\"date-title-wrapper\"><p class=\"custom-date\"><span class=\"day\">22<\/span><span class=\"month\">Aug<\/span><span class=\"year\">2022<\/span><\/p><span class=\"custom-title\"><a href=\"https:\/\/www.fiwonline.de\/en\/china-aenderungen-im-kartellrecht-antomonoply-law-treten-in-kraft\/\">China: \u00c4nderungen im Kartellrecht (\u201eAntomonoply Law\u201c) treten in Kraft<\/a><\/span><\/div><\/div><div class=\"custom-post-item\"><div class=\"date-title-wrapper\"><p class=\"custom-date\"><span class=\"day\">15<\/span><span class=\"month\">Jul<\/span><span class=\"year\">2022<\/span><\/p><span class=\"custom-title\"><a href=\"https:\/\/www.fiwonline.de\/en\/eu-kommission-konsultiert-erneut-die-mitgliedstaaten-zur-anpassung-des-befristeten-eu-krisenrahmens-fuer-staatliche-beihilfen-aufgrund-des-ukraine-kriegs\/\">EU-Kommission konsultiert erneut die Mitgliedstaaten zur Anpassung des Befristeten EU-Krisenrahmens f\u00fcr Staatliche Beihilfen aufgrund des Ukraine-Kriegs<\/a><\/span><\/div><\/div><div class=\"custom-post-item\"><div class=\"date-title-wrapper\"><p class=\"custom-date\"><span class=\"day\">13<\/span><span class=\"month\">Jul<\/span><span class=\"year\">2022<\/span><\/p><span class=\"custom-title\"><a href=\"https:\/\/www.fiwonline.de\/en\/eu-kommission-konsultiert-zu-verlaengerung-der-kfz-gvo-und-zu-aktualisierung-der-leitlinien\/\">EU-Kommission konsultiert zu Verl\u00e4ngerung der KFZ-GVO und zu Aktualisierung der Leitlinien<\/a><\/span><\/div><\/div><div class=\"custom-post-item\"><div class=\"date-title-wrapper\"><p class=\"custom-date\"><span class=\"day\">13<\/span><span class=\"month\">Jul<\/span><span class=\"year\">2022<\/span><\/p><span class=\"custom-title\"><a href=\"https:\/\/www.fiwonline.de\/en\/monopolkommission-hat-24-hauptgutachten-wettbewerb-2022-veroeffentlicht\/\">Monopolkommission hat 24. Hauptgutachten \u201eWettbewerb 2022\u201c ver\u00f6ffentlicht<\/a><\/span><\/div><\/div><div class=\"custom-post-item\"><div class=\"date-title-wrapper\"><p class=\"custom-date\"><span class=\"day\">12<\/span><span class=\"month\">Jul<\/span><span class=\"year\">2022<\/span><\/p><span class=\"custom-title\"><a href=\"https:\/\/www.fiwonline.de\/en\/dma-europaeisches-parlament-stimmt-formal-ueber-den-dma-ab\/\">DMA: Europ\u00e4isches Parlament stimmt formal \u00fcber den DMA ab<\/a><\/span><\/div><\/div><div class=\"custom-post-item\"><div class=\"date-title-wrapper\"><p class=\"custom-date\"><span class=\"day\">12<\/span><span class=\"month\">Jul<\/span><span class=\"year\">2022<\/span><\/p><span class=\"custom-title\"><a href=\"https:\/\/www.fiwonline.de\/en\/eu-institutionen-einigen-sich-im-trilog-auf-instrument-gegen-wettbewerbsverzerrende-drittstaatssubventionen\/\">EU-Institutionen einigen sich im Trilog auf Instrument gegen wettbewerbsverzerrende Drittstaatssubventionen<\/a><\/span><\/div><\/div><div class=\"custom-post-item\"><div class=\"date-title-wrapper\"><p class=\"custom-date\"><span class=\"day\">11<\/span><span class=\"month\">Jul<\/span><span class=\"year\">2022<\/span><\/p><span class=\"custom-title\"><a href=\"https:\/\/www.fiwonline.de\/en\/eu-kommission-startet-konsultation-zu-eu-kartellverfahren\/\">EU-Kommission startet Konsultation zu EU-Kartellverfahren<\/a><\/span><\/div><\/div><div class=\"custom-post-item\"><div class=\"date-title-wrapper\"><p class=\"custom-date\"><span class=\"day\">5<\/span><span class=\"month\">Jul<\/span><span class=\"year\">2022<\/span><\/p><span class=\"custom-title\"><a href=\"https:\/\/www.fiwonline.de\/en\/eu-kommission-fuehrt-evaluierung-der-de-minimis-verordnung-im-beihilfenrecht-durch\/\">EU-Kommission f\u00fchrt Evaluierung der De-Minimis-Verordnung im Beihilfenrecht durch<\/a><\/span><\/div><\/div><div class=\"custom-post-item\"><div class=\"date-title-wrapper\"><p class=\"custom-date\"><span class=\"day\">29<\/span><span class=\"month\">Jun<\/span><span class=\"year\">2022<\/span><\/p><span class=\"custom-title\"><a href=\"https:\/\/www.fiwonline.de\/en\/bundestag-verabschiedet-mengenmeldepflicht-fuer-tankstellen-gemaess-%c2%a7-47k-gwb\/\">Bundestag verabschiedet Mengenmeldepflicht f\u00fcr Tankstellen gem\u00e4\u00df \u00a7 47k GWB<\/a><\/span><\/div><\/div><div class=\"custom-post-item\"><div class=\"date-title-wrapper\"><p class=\"custom-date\"><span class=\"day\">17<\/span><span class=\"month\">Jun<\/span><span class=\"year\">2022<\/span><\/p><span class=\"custom-title\"><a href=\"https:\/\/www.fiwonline.de\/en\/wissenschaftlicher-beirat-beim-bmwk-veroeffentlicht-vorschlaege-zu-nachhaltigkeitskooperationen-im-kartellrecht\/\">Wissenschaftlicher Beirat beim BMWK ver\u00f6ffentlicht Vorschl\u00e4ge zu Nachhaltigkeitskooperationen im Kartellrecht<\/a><\/span><\/div><\/div><div class=\"custom-post-item\"><div class=\"date-title-wrapper\"><p class=\"custom-date\"><span class=\"day\">17<\/span><span class=\"month\">Jun<\/span><span class=\"year\">2022<\/span><\/p><span class=\"custom-title\"><a href=\"https:\/\/www.fiwonline.de\/en\/oesterreich-bundeswettbewerbsbehoerde-legt-leitlinien-zu-nachhaltigkeitskooperationen-vor-konsultation\/\">\u00d6sterreich: Bundeswettbewerbsbeh\u00f6rde legt Leitlinien zu Nachhaltigkeitskooperationen vor (Konsultation)<\/a><\/span><\/div><\/div><div class=\"custom-post-item\"><div class=\"date-title-wrapper\"><p class=\"custom-date\"><span class=\"day\">14<\/span><span class=\"month\">Jun<\/span><span class=\"year\">2022<\/span><\/p><span class=\"custom-title\"><a href=\"https:\/\/www.fiwonline.de\/en\/bm-habeck-schlaegt-erneut-missbrauchsunabhaengige-entflechtung-und-begleitregelungen-vor\/\">BM Habeck schl\u00e4gt erneut missbrauchsunabh\u00e4ngige Entflechtung und Begleitregelungen vor<\/a><\/span><\/div><\/div><div class=\"custom-post-item\"><div class=\"date-title-wrapper\"><p class=\"custom-date\"><span class=\"day\">10<\/span><span class=\"month\">Jun<\/span><span class=\"year\">2022<\/span><\/p><span class=\"custom-title\"><a href=\"https:\/\/www.fiwonline.de\/en\/eu-kommission-beschliesst-auslaufen-des-befristeten-beihilferahmens-temporary-framework-im-zusammenhang-mit-covid-19\/\">EU-Kommission beschlie\u00dft Auslaufen des befristeten Beihilferahmens (\u201etemporary framework\u201c) im Zusammenhang mit COVID-19<\/a><\/span><\/div><\/div><div class=\"custom-post-item\"><div class=\"date-title-wrapper\"><p class=\"custom-date\"><span class=\"day\">1<\/span><span class=\"month\">Jun<\/span><span class=\"year\">2022<\/span><\/p><span class=\"custom-title\"><a href=\"https:\/\/www.fiwonline.de\/en\/bundesregierung-plant-mengenmeldepflicht-fuer-tankstellen-an-mts-k-gemaess-%c2%a7-47k-gwb\/\">Bundesregierung plant Mengenmeldepflicht f\u00fcr Tankstellen an MTS-K gem\u00e4\u00df \u00a7 47k GWB<\/a><\/span><\/div><\/div><div class=\"custom-post-item\"><div class=\"date-title-wrapper\"><p class=\"custom-date\"><span class=\"day\">1<\/span><span class=\"month\">Jun<\/span><span class=\"year\">2022<\/span><\/p><span class=\"custom-title\"><a href=\"https:\/\/www.fiwonline.de\/en\/eu-kommission-aktualisiert-bekanntmachung-ueber-informelle-beratung-fuer-unternehmen\/\">EU-Kommission aktualisiert Bekanntmachung \u00fcber informelle Beratung f\u00fcr Unternehmen<\/a><\/span><\/div><\/div><div class=\"custom-post-item\"><div class=\"date-title-wrapper\"><p class=\"custom-date\"><span class=\"day\">23<\/span><span class=\"month\">May<\/span><span class=\"year\">2022<\/span><\/p><span class=\"custom-title\"><a href=\"https:\/\/www.fiwonline.de\/en\/eu-kommission-verabschiedet-neue-vertikal-gvo-und-vertikal-leitlinien\/\">EU-Kommission verabschiedet neue Vertikal-GVO und Vertikal-Leitlinien<\/a><\/span><\/div><\/div><div class=\"custom-post-item\"><div class=\"date-title-wrapper\"><p class=\"custom-date\"><span class=\"day\">10<\/span><span class=\"month\">May<\/span><span class=\"year\">2022<\/span><\/p><span class=\"custom-title\"><a href=\"https:\/\/www.fiwonline.de\/en\/eu-kommission-konsultiert-zu-neuen-textentwuerfen-in-der-fusionskontrolle\/\">EU-Kommission konsultiert zu neuen Textentw\u00fcrfen in der Fusionskontrolle<\/a><\/span><\/div><\/div><div class=\"custom-post-item\"><div class=\"date-title-wrapper\"><p class=\"custom-date\"><span class=\"day\">9<\/span><span class=\"month\">May<\/span><span class=\"year\">2022<\/span><\/p><span class=\"custom-title\"><a href=\"https:\/\/www.fiwonline.de\/en\/oeffentliche-anhoerung-zum-digital-markets-act-dma-im-deutschen-bundestag\/\">\u00d6ffentliche Anh\u00f6rung zum Digital Markets Act (DMA) im Deutschen Bundestag<\/a><\/span><\/div><\/div><div class=\"custom-post-item\"><div class=\"date-title-wrapper\"><p class=\"custom-date\"><span class=\"day\">9<\/span><span class=\"month\">May<\/span><span class=\"year\">2022<\/span><\/p><span class=\"custom-title\"><a href=\"https:\/\/www.fiwonline.de\/en\/eu-rat-der-eu-und-das-europaeische-parlament-haben-ihre-standpunkte-zum-instrument-gegen-verzerrungen-im-binnenmarkt-durch-subventionen-aus-drittstaaten-festgelegt-trilogbeginn\/\">EU: Rat der EU und das Europ\u00e4ische Parlament haben ihre Standpunkte zum Instrument gegen Verzerrungen im Binnenmarkt durch Subventionen aus Drittstaaten festgelegt (Trilogbeginn)<\/a><\/span><\/div><\/div><div class=\"custom-post-item\"><div class=\"date-title-wrapper\"><p class=\"custom-date\"><span class=\"day\">5<\/span><span class=\"month\">May<\/span><span class=\"year\">2022<\/span><\/p><span class=\"custom-title\"><a href=\"https:\/\/www.fiwonline.de\/en\/eu-kommission-genehmigt-zwei-deutsche-rahmenregelungen-auf-der-grundlage-des-befristeten-eu-krisenrahmen-fuer-staatliche-beihilfen-aufgrund-des-ukraine-kriegs\/\">EU-Kommission genehmigt zwei deutsche Rahmenregelungen auf der Grundlage des Befristeten EU-Krisenrahmen f\u00fcr Staatliche Beihilfen aufgrund des Ukraine-Kriegs<\/a><\/span><\/div><\/div><div class=\"custom-post-item\"><div class=\"date-title-wrapper\"><p class=\"custom-date\"><span class=\"day\">29<\/span><span class=\"month\">Apr<\/span><span class=\"year\">2022<\/span><\/p><span class=\"custom-title\"><a href=\"https:\/\/www.fiwonline.de\/en\/uk-britische-regierung-veroeffentlicht-reformprogramm-fuer-ein-neues-wettbewerbsrecht\/\">UK: Britische Regierung ver\u00f6ffentlicht Reformprogramm f\u00fcr ein neues Wettbewerbsrecht<\/a><\/span><\/div><\/div><div class=\"custom-post-item\"><div class=\"date-title-wrapper\"><p class=\"custom-date\"><span class=\"day\">28<\/span><span class=\"month\">Mar<\/span><span class=\"year\">2022<\/span><\/p><span class=\"custom-title\"><a href=\"https:\/\/www.fiwonline.de\/en\/dma-rat-und-europaeisches-parlement-einigen-sich-im-vierten-triolog-auf-rechtsakt\/\">DMA: Rat und Europ\u00e4isches Parlement einigen sich im vierten Triolog auf Rechtsakt<\/a><\/span><\/div><\/div><div class=\"custom-post-item\"><div class=\"date-title-wrapper\"><p class=\"custom-date\"><span class=\"day\">25<\/span><span class=\"month\">Mar<\/span><span class=\"year\">2022<\/span><\/p><span class=\"custom-title\"><a href=\"https:\/\/www.fiwonline.de\/en\/dma-eine-einigung-zwischen-rat-und-europaeischem-parlament-im-triolog-koennte-kurz-bevorzustehen-durchsetzungsressourcen-seitens-der-eu-kommisison\/\">DMA: Eine Einigung zwischen Rat und Europ\u00e4ischem Parlament im Triolog k\u00f6nnte kurz bevorzustehen \/ Durchsetzungsressourcen seitens der EU-Kommisison<\/a><\/span><\/div><\/div><div class=\"custom-post-item\"><div class=\"date-title-wrapper\"><p class=\"custom-date\"><span class=\"day\">22<\/span><span class=\"month\">Mar<\/span><span class=\"year\">2022<\/span><\/p><span class=\"custom-title\"><a href=\"https:\/\/www.fiwonline.de\/en\/usa-biden-administration-positioniert-sich-gegenueber-der-eu-zum-digital-markets-act-dma-nach-ueberparteilicher-initiative-von-u-s-kongress-abgeordneten\/\">USA: Biden Administration positioniert sich gegen\u00fcber der EU zum Digital Markets Act (DMA) nach \u00fcberparteilicher Initiative von U.S.-Kongress-Abgeordneten<\/a><\/span><\/div><\/div><div class=\"custom-post-item\"><div class=\"date-title-wrapper\"><p class=\"custom-date\"><span class=\"day\">22<\/span><span class=\"month\">Mar<\/span><span class=\"year\">2022<\/span><\/p><span class=\"custom-title\"><a href=\"https:\/\/www.fiwonline.de\/en\/eu-kommission-und-nationale-wettbewerbsbehoerden-verabschieden-gemeinsame-erklaerung-zum-wettbewerbsrecht-aufgrund-der-folgen-des-ukraine-kriegs\/\">EU-Kommission und nationale Wettbewerbsbeh\u00f6rden verabschieden gemeinsame Erkl\u00e4rung zum Wettbewerbsrecht aufgrund der Folgen des Ukraine-Kriegs<\/a><\/span><\/div><\/div><div class=\"custom-post-item\"><div class=\"date-title-wrapper\"><p class=\"custom-date\"><span class=\"day\">18<\/span><span class=\"month\">Mar<\/span><span class=\"year\">2022<\/span><\/p><span class=\"custom-title\"><a href=\"https:\/\/www.fiwonline.de\/en\/eu-kommission-konsultiert-mitgliedstaaten-zu-neuem-befristeten-eu-rahmen-fuer-staatliche-beihilfen-aufgrund-des-ukraine-kriegs\/\">EU-Kommission konsultiert Mitgliedstaaten zu neuem befristeten EU-Rahmen f\u00fcr Staatliche Beihilfen aufgrund des Ukraine-Kriegs<\/a><\/span><\/div><\/div><div class=\"custom-post-item\"><div class=\"date-title-wrapper\"><p class=\"custom-date\"><span class=\"day\">11<\/span><span class=\"month\">Mar<\/span><span class=\"year\">2022<\/span><\/p><span class=\"custom-title\"><a href=\"https:\/\/www.fiwonline.de\/en\/eu-kommission-konsultiert-zu-neuentwuerfen-der-horizontalen-regelungen-gruppenfreistellungserklaerungen-und-leitlinien\/\">EU-Kommission konsultiert zu Neuentw\u00fcrfen der horizontalen Regelungen (Gruppenfreistellungserkl\u00e4rungen und Leitlinien)<\/a><\/span><\/div><\/div><div class=\"custom-post-item\"><div class=\"date-title-wrapper\"><p class=\"custom-date\"><span class=\"day\">11<\/span><span class=\"month\">Mar<\/span><span class=\"year\">2022<\/span><\/p><span class=\"custom-title\"><a href=\"https:\/\/www.fiwonline.de\/en\/55-fiw-symposion-virtuell-andreas-mundt-kartellrechtspraxis-ein-spiegel-fuer-die-transformation-der-wirtschaft\/\">55. FIW-Symposion (virtuell) \u2013 Andreas Mundt, Kartellrechtspraxis ein Spiegel f\u00fcr die Transformation der Wirtschaft<\/a><\/span><\/div><\/div><div class=\"custom-post-item\"><div class=\"date-title-wrapper\"><p class=\"custom-date\"><span class=\"day\">3<\/span><span class=\"month\">Mar<\/span><span class=\"year\">2022<\/span><\/p><span class=\"custom-title\"><a href=\"https:\/\/www.fiwonline.de\/en\/eu-rat-fuer-wettbewerbsfaehigkeit-beraet-ueber-instrument-gegen-verzerrungen-im-binnenmarkt-durch-subventionen-aus-drittstaaten\/\">EU: Rat f\u00fcr Wettbewerbsf\u00e4higkeit ber\u00e4t \u00fcber Instrument gegen Verzerrungen im Binnenmarkt durch Subventionen aus Drittstaaten<\/a><\/span><\/div><\/div><div class=\"custom-post-item\"><div class=\"date-title-wrapper\"><p class=\"custom-date\"><span class=\"day\">3<\/span><span class=\"month\">Mar<\/span><span class=\"year\">2022<\/span><\/p><span class=\"custom-title\"><a href=\"https:\/\/www.fiwonline.de\/en\/bmwk-veroeffentlicht-10-punkte-papier-im-wettbewerbsrecht\/\">BMWK ver\u00f6ffentlicht 10-Punkte-Papier im Wettbewerbsrecht<\/a><\/span><\/div><\/div><div class=\"custom-post-item\"><div class=\"date-title-wrapper\"><p class=\"custom-date\"><span class=\"day\">28<\/span><span class=\"month\">Feb<\/span><span class=\"year\">2022<\/span><\/p><span class=\"custom-title\"><a href=\"https:\/\/www.fiwonline.de\/en\/cdu-csu-fraktion-legt-antrag-zur-begrenzung-der-marktmacht-der-tech-giganten-im-dma-vor\/\">CDU\/CSU-Fraktion legt Antrag zur Begrenzung der Marktmacht der Tech-Giganten im DMA vor<\/a><\/span><\/div><\/div><div class=\"custom-post-item\"><div class=\"date-title-wrapper\"><p class=\"custom-date\"><span class=\"day\">28<\/span><span class=\"month\">Feb<\/span><span class=\"year\">2022<\/span><\/p><span class=\"custom-title\"><a href=\"https:\/\/www.fiwonline.de\/en\/eu-kommission-veroeffentlicht-befristeten-eu-krisenrahmen-fuer-staatliche-beihilfen-aufgrund-des-ukraine-kriegs\/\">EU-Kommission ver\u00f6ffentlicht Befristeten EU-Krisenrahmen f\u00fcr Staatliche Beihilfen aufgrund des Ukraine-Kriegs<\/a><\/span><\/div><\/div><div class=\"custom-post-item\"><div class=\"date-title-wrapper\"><p class=\"custom-date\"><span class=\"day\">14<\/span><span class=\"month\">Feb<\/span><span class=\"year\">2022<\/span><\/p><span class=\"custom-title\"><a href=\"https:\/\/www.fiwonline.de\/en\/eu-kommission-sondiert-erneut-zur-marktdefinitionsbekanntmachung-bis-zum-16-02-22\/\">EU-Kommission sondiert erneut zur Marktdefinitionsbekanntmachung (bis zum 16.02.22)<\/a><\/span><\/div><\/div><div class=\"custom-post-item\"><div class=\"date-title-wrapper\"><p class=\"custom-date\"><span class=\"day\">9<\/span><span class=\"month\">Feb<\/span><span class=\"year\">2022<\/span><\/p><span class=\"custom-title\"><a href=\"https:\/\/www.fiwonline.de\/en\/eu-kommission-startet-gezielte-zusaetzliche-konsultation-zum-informationsaustausch-im-dualen-vertrieb-vertikal-gvo-und-vertikal-leitlinien\/\">EU-Kommission startet gezielte zus\u00e4tzliche Konsultation zum Informationsaustausch im dualen Vertrieb (Vertikal-GVO und Vertikal-Leitlinien)<\/a><\/span><\/div><\/div><div class=\"custom-post-item\"><div class=\"date-title-wrapper\"><p class=\"custom-date\"><span class=\"day\">1<\/span><span class=\"month\">Feb<\/span><span class=\"year\">2022<\/span><\/p><span class=\"custom-title\"><a href=\"https:\/\/www.fiwonline.de\/en\/klima-umweltschutz-und-energiebeihilfenleitlinien-kuebll-ceeag-treten-in-kraft\/\">Klima-, Umweltschutz- und Energiebeihilfenleitlinien (KUEBLL\/CEEAG) treten in Kraft<\/a><\/span><\/div><\/div><div class=\"custom-post-item\"><div class=\"date-title-wrapper\"><p class=\"custom-date\"><span class=\"day\">20<\/span><span class=\"month\">Jan<\/span><span class=\"year\">2022<\/span><\/p><span class=\"custom-title\"><a href=\"https:\/\/www.fiwonline.de\/en\/eu-beginn-des-trilogs-zwischen-rat-eu-parlament-und-eu-kommission-zum-digital-markets-act-dma\/\">EU: Beginn des Trilogs zwischen Rat, EU-Parlament und EU-Kommission zum Digital Markets Act (DMA)<\/a><\/span><\/div><\/div><div class=\"custom-post-item\"><div class=\"date-title-wrapper\"><p class=\"custom-date\"><span class=\"day\">18<\/span><span class=\"month\">Jan<\/span><span class=\"year\">2022<\/span><\/p><span class=\"custom-title\"><a href=\"https:\/\/www.fiwonline.de\/en\/eu-ep-ausschuesse-legen-berichtsentwuerfe-zum-instrument-gegen-verzerrungen-im-binnenmarkt-durch-subventionen-aus-drittstaaten-vor\/\">EU: EP-Aussch\u00fcsse legen Berichtsentw\u00fcrfe zum Instrument gegen Verzerrungen im Binnenmarkt durch Subventionen aus Drittstaaten vor<\/a><\/span><\/div><\/div><div class=\"custom-post-item\"><div class=\"date-title-wrapper\"><p class=\"custom-date\"><span class=\"day\">7<\/span><span class=\"month\">Jan<\/span><span class=\"year\">2022<\/span><\/p><span class=\"custom-title\"><a href=\"https:\/\/www.fiwonline.de\/en\/bundeskartellamt-attestiert-google-eine-ueberragende-marktuebergreifende-bedeutung-im-sinne-von-%c2%a7-19-a-gwb\/\">Bundeskartellamt attestiert Google eine \u201c\u00fcberragende markt\u00fcbergreifende Bedeutung\u201c im Sinne von \u00a7 19 a GWB<\/a><\/span><\/div><\/div><div class=\"custom-post-item\"><div class=\"date-title-wrapper\"><p class=\"custom-date\"><span class=\"day\">5<\/span><span class=\"month\">Jan<\/span><span class=\"year\">2022<\/span><\/p><span class=\"custom-title\"><a href=\"https:\/\/www.fiwonline.de\/en\/eu-kommission-nimmt-ueberarbeitete-risikofinanzierungsleitlinien-und-mitteilung-ueber-die-kurzfristige-exportkreditversicherung-im-beihilfenrecht-an\/\">EU-Kommission nimmt \u00fcberarbeitete Risikofinanzierungsleitlinien und Mitteilung \u00fcber die kurzfristige Exportkreditversicherung im Beihilfenrecht an<\/a><\/span><\/div><\/div><div class=\"custom-post-item\"><div class=\"date-title-wrapper\"><p class=\"custom-date\"><span class=\"day\">5<\/span><span class=\"month\">Jan<\/span><span class=\"year\">2022<\/span><\/p><span class=\"custom-title\"><a href=\"https:\/\/www.fiwonline.de\/en\/eu-kommission-nimmt-ueberarbeitete-klima-umweltschutz-und-energiebeihilfenleitlinien-an\/\">EU-Kommission nimmt \u00fcberarbeitete Klima-, Umweltschutz- und Energiebeihilfenleitlinien an<\/a><\/span><\/div><\/div><\/div><\/div>\n\t\t\t\t\t\t<\/div>\n\t\t\t\t<\/div>\n\t\t\t\t<div class=\"elementor-element elementor-element-bb27e4f flex-horizontal-align-default flex-horizontal-align-tablet-default flex-horizontal-align-mobile-default flex-vertical-align-default flex-vertical-align-tablet-default flex-vertical-align-mobile-default elementor-widget elementor-widget-spacer\" data-id=\"bb27e4f\" data-element_type=\"widget\" data-e-type=\"widget\" data-widget_type=\"spacer.default\">\n\t\t\t\t<div class=\"elementor-widget-container\">\n\t\t\t\t\t\t\t<div class=\"elementor-spacer\">\n\t\t\t<div class=\"elementor-spacer-inner\"><\/div>\n\t\t<\/div>\n\t\t\t\t\t\t<\/div>\n\t\t\t\t<\/div>\n\t\t\t\t<\/div>\n\t\t\t\t\t<\/div>\n\t\t\t\t<\/div>\n\t\t\t\t<\/div>","protected":false},"excerpt":{"rendered":"<p>Archiv 2022<\/p>","protected":false},"author":3,"featured_media":0,"parent":3662,"menu_order":20,"comment_status":"closed","ping_status":"closed","template":"page-fullwidth.php","meta":{"_acf_changed":false,"footnotes":""},"folder":[1231],"class_list":["post-5744","page","type-page","status-publish"],"acf":[],"_links":{"self":[{"href":"https:\/\/www.fiwonline.de\/en\/wp-json\/wp\/v2\/pages\/5744","targetHints":{"allow":["GET"]}}],"collection":[{"href":"https:\/\/www.fiwonline.de\/en\/wp-json\/wp\/v2\/pages"}],"about":[{"href":"https:\/\/www.fiwonline.de\/en\/wp-json\/wp\/v2\/types\/page"}],"author":[{"embeddable":true,"href":"https:\/\/www.fiwonline.de\/en\/wp-json\/wp\/v2\/users\/3"}],"replies":[{"embeddable":true,"href":"https:\/\/www.fiwonline.de\/en\/wp-json\/wp\/v2\/comments?post=5744"}],"version-history":[{"count":0,"href":"https:\/\/www.fiwonline.de\/en\/wp-json\/wp\/v2\/pages\/5744\/revisions"}],"up":[{"embeddable":true,"href":"https:\/\/www.fiwonline.de\/en\/wp-json\/wp\/v2\/pages\/3662"}],"wp:attachment":[{"href":"https:\/\/www.fiwonline.de\/en\/wp-json\/wp\/v2\/media?parent=5744"}],"wp:term":[{"taxonomy":"folder","embeddable":true,"href":"https:\/\/www.fiwonline.de\/en\/wp-json\/wp\/v2\/folder?post=5744"}],"curies":[{"name":"wp","href":"https:\/\/api.w.org\/{rel}","templated":true}]}}