{"id":5875,"date":"2024-11-17T23:35:14","date_gmt":"2024-11-17T22:35:14","guid":{"rendered":"https:\/\/www.fiwonline.de\/aktuelles\/archiv-2020-copy\/"},"modified":"2024-11-17T23:42:30","modified_gmt":"2024-11-17T22:42:30","slug":"archiv-2019","status":"publish","type":"page","link":"https:\/\/www.fiwonline.de\/en\/aktuelles\/archiv-2019\/","title":{"rendered":"Archiv 2019"},"content":{"rendered":"<div data-elementor-type=\"wp-page\" data-elementor-id=\"5875\" class=\"elementor elementor-5875\">\n\t\t\t\t<div class=\"elementor-element elementor-element-7e2f8cd0 e-flex e-con-boxed e-con e-parent\" data-id=\"7e2f8cd0\" data-element_type=\"container\" data-e-type=\"container\">\r\n\t\t\t\t\t<div class=\"e-con-inner\">\r\n\t\t\t\t<div class=\"elementor-element elementor-element-67e6656b flex-horizontal-align-default flex-horizontal-align-tablet-default flex-horizontal-align-mobile-default flex-vertical-align-default flex-vertical-align-tablet-default flex-vertical-align-mobile-default elementor-widget elementor-widget-spacer\" data-id=\"67e6656b\" data-element_type=\"widget\" data-e-type=\"widget\" data-widget_type=\"spacer.default\">\n\t\t\t\t<div class=\"elementor-widget-container\">\n\t\t\t\t\t\t\t<div class=\"elementor-spacer\">\n\t\t\t<div class=\"elementor-spacer-inner\"><\/div>\n\t\t<\/div>\n\t\t\t\t\t\t<\/div>\n\t\t\t\t<\/div>\n\t\t\t\t<div class=\"elementor-element elementor-element-4941c6d5 flex-horizontal-align-default flex-horizontal-align-tablet-default flex-horizontal-align-mobile-default flex-vertical-align-default flex-vertical-align-tablet-default flex-vertical-align-mobile-default elementor-widget elementor-widget-thegem-template-post-title\" data-id=\"4941c6d5\" data-element_type=\"widget\" data-e-type=\"widget\" data-widget_type=\"thegem-template-post-title.default\">\n\t\t\t\t<div class=\"elementor-widget-container\">\n\t\t\t\t\t<div class=\"thegem-te-post-title\"> <h3 class=\"post-title\"> <span>Archiv 2019<\/span> <\/h3> <\/div>\t\t\t\t<\/div>\n\t\t\t\t<\/div>\n\t\t\t\t\t<\/div>\n\t\t\t\t<\/div>\n\t\t<div class=\"elementor-element elementor-element-2b6edbed e-flex e-con-boxed e-con e-parent\" data-id=\"2b6edbed\" data-element_type=\"container\" data-e-type=\"container\">\r\n\t\t\t\t\t<div class=\"e-con-inner\">\r\n\t\t<div class=\"elementor-element elementor-element-215eaca6 e-con-full e-flex e-con e-child\" data-id=\"215eaca6\" data-element_type=\"container\" data-e-type=\"container\">\r\n\t\t\t\t<div class=\"elementor-element elementor-element-16f897a6 elementor-widget__width-initial flex-horizontal-align-default flex-horizontal-align-tablet-default flex-horizontal-align-mobile-default flex-vertical-align-default flex-vertical-align-tablet-default flex-vertical-align-mobile-default elementor-widget elementor-widget-shortcode\" data-id=\"16f897a6\" data-element_type=\"widget\" data-e-type=\"widget\" data-settings=\"{&quot;thegem_custom_css&quot;:&quot;.custom-posts-wrapper {\\n    width: 100%; \\\/* Adjust as necessary *\\\/\\n}\\n\\n\\\/* Ensure each post item is displayed correctly *\\\/\\n.custom-post-item {\\n    border-bottom: 1px solid #e0e0e0; \\\/* Thin line at the bottom of each item *\\\/\\n    padding: 0.5em 0; \\\/* Add padding for better spacing *\\\/\\n}\\n\\n\\\/* Wrapper for date and title *\\\/\\n.date-title-wrapper {\\n    display: flex; \\\/* Use flexbox for alignment *\\\/\\n    align-items: center; \\\/* Vertically center items *\\\/\\n}\\n\\n\\\/* Custom date styles *\\\/\\n.custom-date {\\n    text-align: center;\\n    line-height: 1; \\\/* Set line height to reduce spacing between date elements *\\\/\\n    margin: 0; \\\/* Remove margin *\\\/\\n}\\n\\n.custom-date .day {\\n    color: #3366ff; \\\/* Day color *\\\/\\n    font-size: 15pt; \\\/* Day font size *\\\/\\n    font-weight: bold; \\\/* Day font weight *\\\/\\n}\\n\\n.custom-date .month {\\n    font-size: 10pt; \\\/* Month font size *\\\/\\n    font-weight: bold; \\\/* Month font weight *\\\/\\n    display: block; \\\/* Keep month on a new line *\\\/\\n}\\n\\n.custom-date .year {\\n    font-size: 9pt; \\\/* Year font size *\\\/\\n    font-weight: normal; \\\/* Year font weight *\\\/\\n    display: block; \\\/* Keep year on a new line *\\\/\\n}\\n\\n\\\/* Title styles *\\\/\\n.custom-title {\\n    padding-left: 15px; \\\/* Space between date and title *\\\/\\n    font-size: 2rem; \\\/* Title font size *\\\/\\n    text-align: left; \\\/* Ensure title is left aligned *\\\/\\n    color: inherit; \\\/* Inherit default theme color *\\\/\\n    white-space: nowrap; \\\/* Prevents text from wrapping *\\\/\\n    overflow: hidden; \\\/* Ensures that the text beyond the width is hidden *\\\/\\n    text-overflow: ellipsis;  \\n    margin: 0; \\\/* Remove margin *\\\/\\n}\\n\\n\\\/* Link styling for custom titles *\\\/\\n.custom-title a {\\n    text-decoration: none; \\\/* Remove underline *\\\/\\n    color: inherit; \\\/* Use theme&#039;s default color *\\\/\\n}\\n\\n.custom-title a:hover {\\n    color: #0066cc; \\\/* Change title color on hover *\\\/\\n    text-decoration: underline; \\\/* Underline on hover *\\\/\\n}&quot;}\" data-widget_type=\"shortcode.default\">\n\t\t\t\t<div class=\"elementor-widget-container\">\n\t\t\t\t\t\t\t<div class=\"elementor-shortcode\">\n<div class=\"custom-posts-wrapper\"><div class=\"custom-post-item\"><div class=\"date-title-wrapper\"><p class=\"custom-date\"><span class=\"day\">14<\/span><span class=\"month\">Dec<\/span><span class=\"year\">2019<\/span><\/p><span class=\"custom-title\"><a href=\"https:\/\/www.fiwonline.de\/en\/rede-chillin-competition-conference-bruessel-von-margrethe-vestager-defining-markets-in-a-new-age\/\">Rede (Chillin\u2018 Competition Conference, Br\u00fcssel) von Margrethe Vestager: \u201eDefining markets in a new age\u201c<\/a><\/span><\/div><\/div><div class=\"custom-post-item\"><div class=\"date-title-wrapper\"><p class=\"custom-date\"><span class=\"day\">13<\/span><span class=\"month\">Dec<\/span><span class=\"year\">2019<\/span><\/p><span class=\"custom-title\"><a href=\"https:\/\/www.fiwonline.de\/en\/amtsantritt-der-neuen-kommission-unter-von-der-leyen-am-01-12-2019\/\">Amtsantritt der neuen Kommission unter von der Leyen am 01.12.2019<\/a><\/span><\/div><\/div><div class=\"custom-post-item\"><div class=\"date-title-wrapper\"><p class=\"custom-date\"><span class=\"day\">5<\/span><span class=\"month\">Dec<\/span><span class=\"year\">2019<\/span><\/p><span class=\"custom-title\"><a href=\"https:\/\/www.fiwonline.de\/en\/bm-altmaier-hat-finale-nationale-industriestrategie-2030-vorgelegt-implikationen-fuer-die-wettbewerbspolitik\/\">BM Altmaier hat finale \u201eNationale Industriestrategie 2030\u201c vorgelegt\u2013 Implikationen f\u00fcr die Wettbewerbspolitik<\/a><\/span><\/div><\/div><div class=\"custom-post-item\"><div class=\"date-title-wrapper\"><p class=\"custom-date\"><span class=\"day\">29<\/span><span class=\"month\">Nov<\/span><span class=\"year\">2019<\/span><\/p><span class=\"custom-title\"><a href=\"https:\/\/www.fiwonline.de\/en\/kurzbericht-zum-6-berliner-kolloquium-des-fiw-zur-10-gwb-novelle\/\">Kurzbericht zum 6. Berliner Kolloquium des FIW zur 10. GWB-Novelle<\/a><\/span><\/div><\/div><div class=\"custom-post-item\"><div class=\"date-title-wrapper\"><p class=\"custom-date\"><span class=\"day\">26<\/span><span class=\"month\">Nov<\/span><span class=\"year\">2019<\/span><\/p><span class=\"custom-title\"><a href=\"https:\/\/www.fiwonline.de\/en\/47-bruesseler-informationstagung-13-14-11-2019-neuere-entwicklungen-des-europaeischen-wettbewerbsrechts\/\">47. Br\u00fcsseler Informationstagung (13.\/14.11.2019) \u2013 Neuere Entwicklungen des europ\u00e4ischen Wettbewerbsrechts<\/a><\/span><\/div><\/div><div class=\"custom-post-item\"><div class=\"date-title-wrapper\"><p class=\"custom-date\"><span class=\"day\">20<\/span><span class=\"month\">Nov<\/span><span class=\"year\">2019<\/span><\/p><span class=\"custom-title\"><a href=\"https:\/\/www.fiwonline.de\/en\/d-f-bundeskartellamt-und-autorite-de-la-concurrence-veroeffentlichen-gemeinsame-studie-zu-algorithmen-und-wettbewerb\/\">D\/F: Bundeskartellamt und Autorit\u00e9 de la concurrence ver\u00f6ffentlichen gemeinsame Studie zu Algorithmen und Wettbewerb<\/a><\/span><\/div><\/div><div class=\"custom-post-item\"><div class=\"date-title-wrapper\"><p class=\"custom-date\"><span class=\"day\">20<\/span><span class=\"month\">Nov<\/span><span class=\"year\">2019<\/span><\/p><span class=\"custom-title\"><a href=\"https:\/\/www.fiwonline.de\/en\/rede-challenges-to-antitrust-in-a-changing-economy-von-assistant-attorney-general-makan-delrahim\/\">Rede (\u201eChallenges to Antitrust in a Changing Economy\u201c) von Assistant Attorney General Makan Delrahim<\/a><\/span><\/div><\/div><div class=\"custom-post-item\"><div class=\"date-title-wrapper\"><p class=\"custom-date\"><span class=\"day\">12<\/span><span class=\"month\">Nov<\/span><span class=\"year\">2019<\/span><\/p><span class=\"custom-title\"><a href=\"https:\/\/www.fiwonline.de\/en\/stand-der-10-gwb-novelle\/\">Stand der 10. GWB-Novelle?<\/a><\/span><\/div><\/div><div class=\"custom-post-item\"><div class=\"date-title-wrapper\"><p class=\"custom-date\"><span class=\"day\">7<\/span><span class=\"month\">Nov<\/span><span class=\"year\">2019<\/span><\/p><span class=\"custom-title\"><a href=\"https:\/\/www.fiwonline.de\/en\/rede-digitalgipfel-dortmund-von-margrethe-vestager-building-a-positive-digital-world\/\">Rede (Digitalgipfel, Dortmund) von Margrethe Vestager: \u201eBuilding a positive digital world\u201c<\/a><\/span><\/div><\/div><div class=\"custom-post-item\"><div class=\"date-title-wrapper\"><p class=\"custom-date\"><span class=\"day\">5<\/span><span class=\"month\">Nov<\/span><span class=\"year\">2019<\/span><\/p><span class=\"custom-title\"><a href=\"https:\/\/www.fiwonline.de\/en\/usa-justizausschuss-des-u-s-amerikanischen-repraesentantenhauses-fuehrte-anhoerungen-zu-online-plattformen-und-marktmacht-durch\/\">USA: Justizausschuss des U.S.-amerikanischen Repr\u00e4sentantenhauses f\u00fchrte Anh\u00f6rungen zu Online-Plattformen und Marktmacht durch<\/a><\/span><\/div><\/div><div class=\"custom-post-item\"><div class=\"date-title-wrapper\"><p class=\"custom-date\"><span class=\"day\">24<\/span><span class=\"month\">Oct<\/span><span class=\"year\">2019<\/span><\/p><span class=\"custom-title\"><a href=\"https:\/\/www.fiwonline.de\/en\/arbeitskreis-kartellrecht-tagte-beim-bundeskartellamt-zum-thema-vertikal-gvo\/\">Arbeitskreis Kartellrecht tagte beim Bundeskartellamt zum Thema \u201eVertikal-GVO\u201c<\/a><\/span><\/div><\/div><div class=\"custom-post-item\"><div class=\"date-title-wrapper\"><p class=\"custom-date\"><span class=\"day\">21<\/span><span class=\"month\">Oct<\/span><span class=\"year\">2019<\/span><\/p><span class=\"custom-title\"><a href=\"https:\/\/www.fiwonline.de\/en\/positionspapier-des-europaeischen-industriedachverbands-zur-reform-des-europaeischen-wettbewerbsrechts\/\">Positionspapier des europ\u00e4ischen Industriedachverbands zur Reform des Europ\u00e4ischen Wettbewerbsrechts<\/a><\/span><\/div><\/div><div class=\"custom-post-item\"><div class=\"date-title-wrapper\"><p class=\"custom-date\"><span class=\"day\">16<\/span><span class=\"month\">Oct<\/span><span class=\"year\">2019<\/span><\/p><span class=\"custom-title\"><a href=\"https:\/\/www.fiwonline.de\/en\/anhoerung-der-designierten-wettbewerbskommissarin-vestager-im-europaeischen-parlament-am-08-10-19\/\">Anh\u00f6rung der designierten Wettbewerbskommissarin Vestager im Europ\u00e4ischen Parlament am 08.10.19<\/a><\/span><\/div><\/div><div class=\"custom-post-item\"><div class=\"date-title-wrapper\"><p class=\"custom-date\"><span class=\"day\">30<\/span><span class=\"month\">Sep<\/span><span class=\"year\">2019<\/span><\/p><span class=\"custom-title\"><a href=\"https:\/\/www.fiwonline.de\/en\/55-fiw-akademie-fand-am-18-und-19-september-2019-in-koeln-statt\/\">55. FIW-Akademie fand am 18. und 19. September 2019 in K\u00f6ln statt<\/a><\/span><\/div><\/div><div class=\"custom-post-item\"><div class=\"date-title-wrapper\"><p class=\"custom-date\"><span class=\"day\">22<\/span><span class=\"month\">Sep<\/span><span class=\"year\">2019<\/span><\/p><span class=\"custom-title\"><a href=\"https:\/\/www.fiwonline.de\/en\/mission-letter-fuer-designierte-wettbewerbskommissarin-vestager-parlamentsanhoerung-am-08-10-19\/\">\u201eMission Letter\u201c f\u00fcr designierte Wettbewerbskommissarin Vestager \/ Parlamentsanh\u00f6rung am 08.10.19<\/a><\/span><\/div><\/div><div class=\"custom-post-item\"><div class=\"date-title-wrapper\"><p class=\"custom-date\"><span class=\"day\">13<\/span><span class=\"month\">Sep<\/span><span class=\"year\">2019<\/span><\/p><span class=\"custom-title\"><a href=\"https:\/\/www.fiwonline.de\/en\/erneute-nominierung-von-margarete-vestager-als-wettbewerbskommissarin-der-neuen-eu-kommission\/\">Erneute Nominierung von Margarete Vestager als Wettbewerbskommissarin der neuen EU-Kommission<\/a><\/span><\/div><\/div><div class=\"custom-post-item\"><div class=\"date-title-wrapper\"><p class=\"custom-date\"><span class=\"day\">13<\/span><span class=\"month\">Sep<\/span><span class=\"year\">2019<\/span><\/p><span class=\"custom-title\"><a href=\"https:\/\/www.fiwonline.de\/en\/kommission-konsultiert-zu-roadmap-zur-evaluierung-der-horizontal-gruppenfreistellungsverordnungen\/\">Kommission konsultiert zu Roadmap zur Evaluierung der Horizontal-Gruppenfreistellungsverordnungen<\/a><\/span><\/div><\/div><div class=\"custom-post-item\"><div class=\"date-title-wrapper\"><p class=\"custom-date\"><span class=\"day\">13<\/span><span class=\"month\">Sep<\/span><span class=\"year\">2019<\/span><\/p><span class=\"custom-title\"><a href=\"https:\/\/www.fiwonline.de\/en\/wettbewerbskommission-4-0-legt-abschlussbericht-vor\/\">Wettbewerbskommission 4.0 legt Abschlussbericht vor<\/a><\/span><\/div><\/div><div class=\"custom-post-item\"><div class=\"date-title-wrapper\"><p class=\"custom-date\"><span class=\"day\">7<\/span><span class=\"month\">Sep<\/span><span class=\"year\">2019<\/span><\/p><span class=\"custom-title\"><a href=\"https:\/\/www.fiwonline.de\/en\/u-s-kartellbehoerden-planen-strengere-kontrolle-von-grossen-internetplattformen\/\">U.S.-Kartellbeh\u00f6rden planen strengere Kontrolle von gro\u00dfen Internetplattformen<\/a><\/span><\/div><\/div><div class=\"custom-post-item\"><div class=\"date-title-wrapper\"><p class=\"custom-date\"><span class=\"day\">22<\/span><span class=\"month\">Aug<\/span><span class=\"year\">2019<\/span><\/p><span class=\"custom-title\"><a href=\"https:\/\/www.fiwonline.de\/en\/bundeswirtschaftsminister-altmeier-hat-am-19-august-2019-die-ministererlaubnis-im-fall-miba-zollern-gegen-auflagen-erteilt\/\">Bundeswirtschaftsminister Altmeier hat am 19. August 2019 die Ministererlaubnis im Fall Miba\/Zollern gegen Auflagen erteilt<\/a><\/span><\/div><\/div><div class=\"custom-post-item\"><div class=\"date-title-wrapper\"><p class=\"custom-date\"><span class=\"day\">22<\/span><span class=\"month\">Aug<\/span><span class=\"year\">2019<\/span><\/p><span class=\"custom-title\"><a href=\"https:\/\/www.fiwonline.de\/en\/eu-kommission-veroeffentlicht-ueberarbeitete-bekanntmachung-zur-rueckforderung\/\">EU-Kommission ver\u00f6ffentlicht \u00fcberarbeitete Bekanntmachung zur R\u00fcckforderung<\/a><\/span><\/div><\/div><div class=\"custom-post-item\"><div class=\"date-title-wrapper\"><p class=\"custom-date\"><span class=\"day\">15<\/span><span class=\"month\">Aug<\/span><span class=\"year\">2019<\/span><\/p><span class=\"custom-title\"><a href=\"https:\/\/www.fiwonline.de\/en\/jahresbericht-2018-und-taetigkeitsbericht-2017-18-des-bundeskartellamts\/\">Jahresbericht 2018 und T\u00e4tigkeitsbericht 2017\/18 des Bundeskartellamts<\/a><\/span><\/div><\/div><div class=\"custom-post-item\"><div class=\"date-title-wrapper\"><p class=\"custom-date\"><span class=\"day\">15<\/span><span class=\"month\">Aug<\/span><span class=\"year\">2019<\/span><\/p><span class=\"custom-title\"><a href=\"https:\/\/www.fiwonline.de\/en\/ftc-schliesst-zerschlagung-grosser-internetplattformen-nicht-aus\/\">FTC schlie\u00dft Zerschlagung gro\u00dfer Internetplattformen nicht aus<\/a><\/span><\/div><\/div><div class=\"custom-post-item\"><div class=\"date-title-wrapper\"><p class=\"custom-date\"><span class=\"day\">8<\/span><span class=\"month\">Aug<\/span><span class=\"year\">2019<\/span><\/p><span class=\"custom-title\"><a href=\"https:\/\/www.fiwonline.de\/en\/uk-britischer-industrieverband-warnt-vor-ungeordnetem-brexit-hier-speziell-wettbewerbspolitik\/\">UK: Britischer Industrieverband warnt vor ungeordnetem Brexit (hier speziell: Wettbewerbspolitik)<\/a><\/span><\/div><\/div><div class=\"custom-post-item\"><div class=\"date-title-wrapper\"><p class=\"custom-date\"><span class=\"day\">5<\/span><span class=\"month\">Aug<\/span><span class=\"year\">2019<\/span><\/p><span class=\"custom-title\"><a href=\"https:\/\/www.fiwonline.de\/en\/doj-laeutet-paradigmenwechsel-zur-anerkennung-von-compliance-programmen-im-kartellrecht-ein\/\">DOJ l\u00e4utet Paradigmenwechsel zur Anerkennung von Compliance-Programmen im Kartellrecht ein<\/a><\/span><\/div><\/div><div class=\"custom-post-item\"><div class=\"date-title-wrapper\"><p class=\"custom-date\"><span class=\"day\">2<\/span><span class=\"month\">Aug<\/span><span class=\"year\">2019<\/span><\/p><span class=\"custom-title\"><a href=\"https:\/\/www.fiwonline.de\/en\/eu-kommission-gibt-pierre-regibeau-als-neuen-chefoekonom-der-gd-wettbewerb-bekannt\/\">EU-Kommission gibt Pierre R\u00e9gibeau als neuen Chef\u00f6konom der GD Wettbewerb bekannt<\/a><\/span><\/div><\/div><div class=\"custom-post-item\"><div class=\"date-title-wrapper\"><p class=\"custom-date\"><span class=\"day\">2<\/span><span class=\"month\">Aug<\/span><span class=\"year\">2019<\/span><\/p><span class=\"custom-title\"><a href=\"https:\/\/www.fiwonline.de\/en\/deutsch-franzoesisch-polnisches-papier-zur-modernisierung-der-europaeischen\/\">Deutsch-franz\u00f6sisch-polnisches Papier zur Modernisierung der Europ\u00e4ischen<\/a><\/span><\/div><\/div><div class=\"custom-post-item\"><div class=\"date-title-wrapper\"><p class=\"custom-date\"><span class=\"day\">2<\/span><span class=\"month\">Aug<\/span><span class=\"year\">2019<\/span><\/p><span class=\"custom-title\"><a href=\"https:\/\/www.fiwonline.de\/en\/erklaerung-der-wettbewerbsbehoerden-der-g7-staaten-und-der-eu-kommission-zum-wettbewerb-in-der-digitalen-wirtschaft\/\">Erkl\u00e4rung der Wettbewerbsbeh\u00f6rden der G7-Staaten und der EU-Kommission zum Wettbewerb in der digitalen Wirtschaft<\/a><\/span><\/div><\/div><div class=\"custom-post-item\"><div class=\"date-title-wrapper\"><p class=\"custom-date\"><span class=\"day\">3<\/span><span class=\"month\">Jul<\/span><span class=\"year\">2019<\/span><\/p><span class=\"custom-title\"><a href=\"https:\/\/www.fiwonline.de\/en\/bundeswirtschaftsminister-altmaier-vertagt-entscheidung-auf-ministererlaubnis-miba-und-zollern\/\">Bundeswirtschaftsminister Altmaier vertagt Entscheidung auf Ministererlaubnis (Miba und Zollern)<\/a><\/span><\/div><\/div><div class=\"custom-post-item\"><div class=\"date-title-wrapper\"><p class=\"custom-date\"><span class=\"day\">3<\/span><span class=\"month\">Jul<\/span><span class=\"year\">2019<\/span><\/p><span class=\"custom-title\"><a href=\"https:\/\/www.fiwonline.de\/en\/eu-uk-letzter-stand-zum-brexit-wettbewerbs-und-beihilfenrecht-aus-eu-und-uk\/\">EU\/UK: Letzter Stand zum Brexit (Wettbewerbs- und Beihilfenrecht) aus EU und UK<\/a><\/span><\/div><\/div><div class=\"custom-post-item\"><div class=\"date-title-wrapper\"><p class=\"custom-date\"><span class=\"day\">13<\/span><span class=\"month\">Jun<\/span><span class=\"year\">2019<\/span><\/p><span class=\"custom-title\"><a href=\"https:\/\/www.fiwonline.de\/en\/f-franzoesischer-bericht-zu-wettbewerbspolitik-und-strategischen-interessen-der-eu-veroeffentlicht\/\">F: Franz\u00f6sischer Bericht zu \u201eWettbewerbspolitik und strategischen Interessen der EU\u201c ver\u00f6ffentlicht<\/a><\/span><\/div><\/div><div class=\"custom-post-item\"><div class=\"date-title-wrapper\"><p class=\"custom-date\"><span class=\"day\">11<\/span><span class=\"month\">Jun<\/span><span class=\"year\">2019<\/span><\/p><span class=\"custom-title\"><a href=\"https:\/\/www.fiwonline.de\/en\/47-fiw-seminar-fand-am-3-4-juni-2019-in-bonn-statt\/\">47. FIW-Seminar fand am 3.\/4. Juni 2019 in Bonn statt<\/a><\/span><\/div><\/div><div class=\"custom-post-item\"><div class=\"date-title-wrapper\"><p class=\"custom-date\"><span class=\"day\">6<\/span><span class=\"month\">Jun<\/span><span class=\"year\">2019<\/span><\/p><span class=\"custom-title\"><a href=\"https:\/\/www.fiwonline.de\/en\/eu-kommission-fuehrt-gezielte-konsultationen-zur-de-minimis-verordnung-und-zu-den-luftverkehrsleitlinien-im-beihilfenrecht-durch\/\">EU-Kommission f\u00fchrt gezielte Konsultationen zur De-minimis-Verordnung und zu den Luftverkehrsleitlinien im Beihilfenrecht durch<\/a><\/span><\/div><\/div><div class=\"custom-post-item\"><div class=\"date-title-wrapper\"><p class=\"custom-date\"><span class=\"day\">6<\/span><span class=\"month\">Jun<\/span><span class=\"year\">2019<\/span><\/p><span class=\"custom-title\"><a href=\"https:\/\/www.fiwonline.de\/en\/fachgespraech-des-frankfurter-instituts-fuer-das-recht-der-eu-ist-es-sachgerecht-im-kartellrecht-nicht-wettbewerbliche-ziele-zu-verfolgen\/\">Fachgespr\u00e4ch des Frankfurter Instituts f\u00fcr das Recht der EU \u2013 \u201eIst es sachgerecht, im Kartellrecht nicht-wettbewerbliche Ziele zu verfolgen?\u201c<\/a><\/span><\/div><\/div><div class=\"custom-post-item\"><div class=\"date-title-wrapper\"><p class=\"custom-date\"><span class=\"day\">21<\/span><span class=\"month\">May<\/span><span class=\"year\">2019<\/span><\/p><span class=\"custom-title\"><a href=\"https:\/\/www.fiwonline.de\/en\/eu-kommission-fuehrt-gezielte-konsultationen-zu-energie-und-umweltbeihilfeleitlinien-und-zu-regionalbeihilfeleitlinien-durch\/\">EU-Kommission f\u00fchrt gezielte Konsultationen zu Energie- und Umweltbeihilfeleitlinien und zu Regionalbeihilfeleitlinien durch<\/a><\/span><\/div><\/div><div class=\"custom-post-item\"><div class=\"date-title-wrapper\"><p class=\"custom-date\"><span class=\"day\">21<\/span><span class=\"month\">May<\/span><span class=\"year\">2019<\/span><\/p><span class=\"custom-title\"><a href=\"https:\/\/www.fiwonline.de\/en\/familienunternehmer-veroeffentlichen-eigene-industriepolitische-strategie\/\">Familienunternehmer ver\u00f6ffentlichen eigene industriepolitische Strategie<\/a><\/span><\/div><\/div><div class=\"custom-post-item\"><div class=\"date-title-wrapper\"><p class=\"custom-date\"><span class=\"day\">17<\/span><span class=\"month\">May<\/span><span class=\"year\">2019<\/span><\/p><span class=\"custom-title\"><a href=\"https:\/\/www.fiwonline.de\/en\/bmwi-konferenz-und-bdi-publikation-zur-nationalen-industriestrategie\/\">BMWi-Konferenz und BDI-Publikation zur Nationalen Industriestrategie<\/a><\/span><\/div><\/div><div class=\"custom-post-item\"><div class=\"date-title-wrapper\"><p class=\"custom-date\"><span class=\"day\">15<\/span><span class=\"month\">May<\/span><span class=\"year\">2019<\/span><\/p><span class=\"custom-title\"><a href=\"https:\/\/www.fiwonline.de\/en\/eu-kommission-gd-wettbewerb-tritt-dem-icn-rahmen-fuer-verfahren-der-wettbewerbsbehoerden-bei\/\">EU-Kommission: GD Wettbewerb tritt dem ICN-Rahmen f\u00fcr Verfahren der Wettbewerbsbeh\u00f6rden bei<\/a><\/span><\/div><\/div><div class=\"custom-post-item\"><div class=\"date-title-wrapper\"><p class=\"custom-date\"><span class=\"day\">7<\/span><span class=\"month\">May<\/span><span class=\"year\">2019<\/span><\/p><span class=\"custom-title\"><a href=\"https:\/\/www.fiwonline.de\/en\/monopolkommission-votiert-per-sondergutachten-gegen-die-erteilung-der-von-miba-und-zollern-beantragten-ministererlaubnis\/\">Monopolkommission votiert per Sondergutachten gegen die Erteilung der von Miba und Zollern beantragten Ministererlaubnis<\/a><\/span><\/div><\/div><div class=\"custom-post-item\"><div class=\"date-title-wrapper\"><p class=\"custom-date\"><span class=\"day\">7<\/span><span class=\"month\">May<\/span><span class=\"year\">2019<\/span><\/p><span class=\"custom-title\"><a href=\"https:\/\/www.fiwonline.de\/en\/eu-kommission-veroeffentlicht-eurobarometer-zur-wettbewerbspolitik\/\">EU-Kommission ver\u00f6ffentlicht Eurobarometer zur Wettbewerbspolitik<\/a><\/span><\/div><\/div><div class=\"custom-post-item\"><div class=\"date-title-wrapper\"><p class=\"custom-date\"><span class=\"day\">7<\/span><span class=\"month\">May<\/span><span class=\"year\">2019<\/span><\/p><span class=\"custom-title\"><a href=\"https:\/\/www.fiwonline.de\/en\/kurzbericht-zum-52-innsbrucker-symposion-des-fiw-6-8-maerz-2019\/\">Kurzbericht zum 52. Innsbrucker Symposion des FIW, 6.-8. M\u00e4rz 2019<\/a><\/span><\/div><\/div><div class=\"custom-post-item\"><div class=\"date-title-wrapper\"><p class=\"custom-date\"><span class=\"day\">7<\/span><span class=\"month\">May<\/span><span class=\"year\">2019<\/span><\/p><span class=\"custom-title\"><a href=\"https:\/\/www.fiwonline.de\/en\/bundeskartellamt-veroeffentlicht-abschlussbericht-der-sektoruntersuchung-zu-internet-vergleichsportalen-und-ruegt-verstoesse-gegen-verbraucherrechte\/\">Bundeskartellamt ver\u00f6ffentlicht Abschlussbericht der Sektoruntersuchung zu Internet-Vergleichsportalen und r\u00fcgt Verst\u00f6\u00dfe gegen Verbraucherrechte<\/a><\/span><\/div><\/div><div class=\"custom-post-item\"><div class=\"date-title-wrapper\"><p class=\"custom-date\"><span class=\"day\">2<\/span><span class=\"month\">May<\/span><span class=\"year\">2019<\/span><\/p><span class=\"custom-title\"><a href=\"https:\/\/www.fiwonline.de\/en\/eu-kommission-veroeffentlicht-bericht-ihrer-sonderberater-ueber-wettbewerbspolitik-und-digitalisierung\/\">EU-Kommission ver\u00f6ffentlicht Bericht ihrer Sonderberater \u00fcber Wettbewerbspolitik und Digitalisierung<\/a><\/span><\/div><\/div><div class=\"custom-post-item\"><div class=\"date-title-wrapper\"><p class=\"custom-date\"><span class=\"day\">5<\/span><span class=\"month\">Apr<\/span><span class=\"year\">2019<\/span><\/p><span class=\"custom-title\"><a href=\"https:\/\/www.fiwonline.de\/en\/eu-kommission-fuehrt-online-tools-fuer-kronzeugenanmeldungen-und-fuer-kartellvergleichsverfahren-ein\/\">EU-Kommission f\u00fchrt Online-Tools f\u00fcr Kronzeugenanmeldungen und f\u00fcr Kartellvergleichsverfahren ein<\/a><\/span><\/div><\/div><div class=\"custom-post-item\"><div class=\"date-title-wrapper\"><p class=\"custom-date\"><span class=\"day\">5<\/span><span class=\"month\">Apr<\/span><span class=\"year\">2019<\/span><\/p><span class=\"custom-title\"><a href=\"https:\/\/www.fiwonline.de\/en\/eugh-urteil-eeg-2012-stellt-keine-staatliche-beihilfe-dar-staatliche-mittel-kamen-nicht-zum-einsatz\/\">EuGH-Urteil: EEG (2012) stellt keine staatliche Beihilfe dar &#8211; staatliche Mittel kamen nicht zum Einsatz<\/a><\/span><\/div><\/div><div class=\"custom-post-item\"><div class=\"date-title-wrapper\"><p class=\"custom-date\"><span class=\"day\">1<\/span><span class=\"month\">Apr<\/span><span class=\"year\">2019<\/span><\/p><span class=\"custom-title\"><a href=\"https:\/\/www.fiwonline.de\/en\/think-tank-der-eu-kommission-veroeffentlicht-strategiepapier-zur-industriepolitik\/\">Think Tank der EU-Kommission ver\u00f6ffentlicht Strategiepapier zur Industriepolitik<\/a><\/span><\/div><\/div><div class=\"custom-post-item\"><div class=\"date-title-wrapper\"><p class=\"custom-date\"><span class=\"day\">27<\/span><span class=\"month\">Mar<\/span><span class=\"year\">2019<\/span><\/p><span class=\"custom-title\"><a href=\"https:\/\/www.fiwonline.de\/en\/10-gwb-novelle-ante-portas-nachlese-vom-52-fiw-symposion-in-innsbruck\/\">10. GWB-Novelle ante portas (Nachlese vom 52. FIW-Symposion in Innsbruck<\/a><\/span><\/div><\/div><div class=\"custom-post-item\"><div class=\"date-title-wrapper\"><p class=\"custom-date\"><span class=\"day\">14<\/span><span class=\"month\">Mar<\/span><span class=\"year\">2019<\/span><\/p><span class=\"custom-title\"><a href=\"https:\/\/www.fiwonline.de\/en\/52-fiw-symposion-in-innsbruck-rede-andreas-mundt-praesident-des-bundeskartellamts-wettbewerb-und-fairness-wie-europa-den-richtigen-rahmen-setzt\/\">52. FIW-Symposion in Innsbruck \u2013 Rede Andreas Mundt, Pr\u00e4sident des Bundeskartellamts, \u201eWettbewerb und Fairness \u2013 wie Europa den richtigen Rahmen setzt\u201c<\/a><\/span><\/div><\/div><div class=\"custom-post-item\"><div class=\"date-title-wrapper\"><p class=\"custom-date\"><span class=\"day\">14<\/span><span class=\"month\">Mar<\/span><span class=\"year\">2019<\/span><\/p><span class=\"custom-title\"><a href=\"https:\/\/www.fiwonline.de\/en\/bmwi-moechte-genossenschaften-kuenftig-staerker-mit-dem-kartellrecht-vereinbaren\/\">BMWi m\u00f6chte Genossenschaften k\u00fcnftig st\u00e4rker mit dem Kartellrecht vereinbaren<\/a><\/span><\/div><\/div><div class=\"custom-post-item\"><div class=\"date-title-wrapper\"><p class=\"custom-date\"><span class=\"day\">14<\/span><span class=\"month\">Mar<\/span><span class=\"year\">2019<\/span><\/p><span class=\"custom-title\"><a href=\"https:\/\/www.fiwonline.de\/en\/eu-kommission-hat-zwei-geplante-unternehmenszusammenschluesse-an-einem-tag-untersagt-siemens-alstom-und-wieland-aurubis\/\">EU-Kommission hat zwei geplante Unternehmenszusammenschl\u00fcsse an einem Tag untersagt (Siemens\/Alstom und Wieland\/Aurubis)<\/a><\/span><\/div><\/div><\/div><\/div>\n\t\t\t\t\t\t<\/div>\n\t\t\t\t<\/div>\n\t\t\t\t<div class=\"elementor-element elementor-element-57e6ba4f flex-horizontal-align-default flex-horizontal-align-tablet-default flex-horizontal-align-mobile-default flex-vertical-align-default flex-vertical-align-tablet-default flex-vertical-align-mobile-default elementor-widget elementor-widget-spacer\" data-id=\"57e6ba4f\" data-element_type=\"widget\" data-e-type=\"widget\" data-widget_type=\"spacer.default\">\n\t\t\t\t<div class=\"elementor-widget-container\">\n\t\t\t\t\t\t\t<div class=\"elementor-spacer\">\n\t\t\t<div class=\"elementor-spacer-inner\"><\/div>\n\t\t<\/div>\n\t\t\t\t\t\t<\/div>\n\t\t\t\t<\/div>\n\t\t\t\t<\/div>\n\t\t\t\t\t<\/div>\n\t\t\t\t<\/div>\n\t\t\t\t<\/div>","protected":false},"excerpt":{"rendered":"<p>Archiv 2019<\/p>","protected":false},"author":3,"featured_media":0,"parent":3662,"menu_order":17,"comment_status":"closed","ping_status":"closed","template":"","meta":{"_acf_changed":false,"footnotes":""},"folder":[1231],"class_list":["post-5875","page","type-page","status-publish"],"acf":[],"_links":{"self":[{"href":"https:\/\/www.fiwonline.de\/en\/wp-json\/wp\/v2\/pages\/5875","targetHints":{"allow":["GET"]}}],"collection":[{"href":"https:\/\/www.fiwonline.de\/en\/wp-json\/wp\/v2\/pages"}],"about":[{"href":"https:\/\/www.fiwonline.de\/en\/wp-json\/wp\/v2\/types\/page"}],"author":[{"embeddable":true,"href":"https:\/\/www.fiwonline.de\/en\/wp-json\/wp\/v2\/users\/3"}],"replies":[{"embeddable":true,"href":"https:\/\/www.fiwonline.de\/en\/wp-json\/wp\/v2\/comments?post=5875"}],"version-history":[{"count":0,"href":"https:\/\/www.fiwonline.de\/en\/wp-json\/wp\/v2\/pages\/5875\/revisions"}],"up":[{"embeddable":true,"href":"https:\/\/www.fiwonline.de\/en\/wp-json\/wp\/v2\/pages\/3662"}],"wp:attachment":[{"href":"https:\/\/www.fiwonline.de\/en\/wp-json\/wp\/v2\/media?parent=5875"}],"wp:term":[{"taxonomy":"folder","embeddable":true,"href":"https:\/\/www.fiwonline.de\/en\/wp-json\/wp\/v2\/folder?post=5875"}],"curies":[{"name":"wp","href":"https:\/\/api.w.org\/{rel}","templated":true}]}}