{"id":6172,"date":"2024-11-18T00:24:31","date_gmt":"2024-11-17T23:24:31","guid":{"rendered":"https:\/\/www.fiwonline.de\/aktuelles\/archiv-2018-copy\/"},"modified":"2024-11-18T00:27:55","modified_gmt":"2024-11-17T23:27:55","slug":"archiv-2017","status":"publish","type":"page","link":"https:\/\/www.fiwonline.de\/en\/aktuelles\/archiv-2017\/","title":{"rendered":"Archiv 2017"},"content":{"rendered":"<div data-elementor-type=\"wp-page\" data-elementor-id=\"6172\" class=\"elementor elementor-6172\">\n\t\t\t\t<div class=\"elementor-element elementor-element-7e2f8cd0 e-flex e-con-boxed e-con e-parent\" data-id=\"7e2f8cd0\" data-element_type=\"container\" data-e-type=\"container\">\r\n\t\t\t\t\t<div class=\"e-con-inner\">\r\n\t\t\t\t<div class=\"elementor-element elementor-element-67e6656b flex-horizontal-align-default flex-horizontal-align-tablet-default flex-horizontal-align-mobile-default flex-vertical-align-default flex-vertical-align-tablet-default flex-vertical-align-mobile-default elementor-widget elementor-widget-spacer\" data-id=\"67e6656b\" data-element_type=\"widget\" data-e-type=\"widget\" data-widget_type=\"spacer.default\">\n\t\t\t\t<div class=\"elementor-widget-container\">\n\t\t\t\t\t\t\t<div class=\"elementor-spacer\">\n\t\t\t<div class=\"elementor-spacer-inner\"><\/div>\n\t\t<\/div>\n\t\t\t\t\t\t<\/div>\n\t\t\t\t<\/div>\n\t\t\t\t<div class=\"elementor-element elementor-element-4941c6d5 flex-horizontal-align-default flex-horizontal-align-tablet-default flex-horizontal-align-mobile-default flex-vertical-align-default flex-vertical-align-tablet-default flex-vertical-align-mobile-default elementor-widget elementor-widget-thegem-template-post-title\" data-id=\"4941c6d5\" data-element_type=\"widget\" data-e-type=\"widget\" data-widget_type=\"thegem-template-post-title.default\">\n\t\t\t\t<div class=\"elementor-widget-container\">\n\t\t\t\t\t<div class=\"thegem-te-post-title\"> <h3 class=\"post-title\"> <span>Archiv 2017<\/span> <\/h3> <\/div>\t\t\t\t<\/div>\n\t\t\t\t<\/div>\n\t\t\t\t\t<\/div>\n\t\t\t\t<\/div>\n\t\t<div class=\"elementor-element elementor-element-2b6edbed e-flex e-con-boxed e-con e-parent\" data-id=\"2b6edbed\" data-element_type=\"container\" data-e-type=\"container\">\r\n\t\t\t\t\t<div class=\"e-con-inner\">\r\n\t\t<div class=\"elementor-element elementor-element-215eaca6 e-con-full e-flex e-con e-child\" data-id=\"215eaca6\" data-element_type=\"container\" data-e-type=\"container\">\r\n\t\t\t\t<div class=\"elementor-element elementor-element-16f897a6 elementor-widget__width-initial flex-horizontal-align-default flex-horizontal-align-tablet-default flex-horizontal-align-mobile-default flex-vertical-align-default flex-vertical-align-tablet-default flex-vertical-align-mobile-default elementor-widget elementor-widget-shortcode\" data-id=\"16f897a6\" data-element_type=\"widget\" data-e-type=\"widget\" data-settings=\"{&quot;thegem_custom_css&quot;:&quot;.custom-posts-wrapper {\\n    width: 100%; \\\/* Adjust as necessary *\\\/\\n}\\n\\n\\\/* Ensure each post item is displayed correctly *\\\/\\n.custom-post-item {\\n    border-bottom: 1px solid #e0e0e0; \\\/* Thin line at the bottom of each item *\\\/\\n    padding: 0.5em 0; \\\/* Add padding for better spacing *\\\/\\n}\\n\\n\\\/* Wrapper for date and title *\\\/\\n.date-title-wrapper {\\n    display: flex; \\\/* Use flexbox for alignment *\\\/\\n    align-items: center; \\\/* Vertically center items *\\\/\\n}\\n\\n\\\/* Custom date styles *\\\/\\n.custom-date {\\n    text-align: center;\\n    line-height: 1; \\\/* Set line height to reduce spacing between date elements *\\\/\\n    margin: 0; \\\/* Remove margin *\\\/\\n}\\n\\n.custom-date .day {\\n    color: #3366ff; \\\/* Day color *\\\/\\n    font-size: 15pt; \\\/* Day font size *\\\/\\n    font-weight: bold; \\\/* Day font weight *\\\/\\n}\\n\\n.custom-date .month {\\n    font-size: 10pt; \\\/* Month font size *\\\/\\n    font-weight: bold; \\\/* Month font weight *\\\/\\n    display: block; \\\/* Keep month on a new line *\\\/\\n}\\n\\n.custom-date .year {\\n    font-size: 9pt; \\\/* Year font size *\\\/\\n    font-weight: normal; \\\/* Year font weight *\\\/\\n    display: block; \\\/* Keep year on a new line *\\\/\\n}\\n\\n\\\/* Title styles *\\\/\\n.custom-title {\\n    padding-left: 15px; \\\/* Space between date and title *\\\/\\n    font-size: 2rem; \\\/* Title font size *\\\/\\n    text-align: left; \\\/* Ensure title is left aligned *\\\/\\n    color: inherit; \\\/* Inherit default theme color *\\\/\\n    white-space: nowrap; \\\/* Prevents text from wrapping *\\\/\\n    overflow: hidden; \\\/* Ensures that the text beyond the width is hidden *\\\/\\n    text-overflow: ellipsis;  \\n    margin: 0; \\\/* Remove margin *\\\/\\n}\\n\\n\\\/* Link styling for custom titles *\\\/\\n.custom-title a {\\n    text-decoration: none; \\\/* Remove underline *\\\/\\n    color: inherit; \\\/* Use theme&#039;s default color *\\\/\\n}\\n\\n.custom-title a:hover {\\n    color: #0066cc; \\\/* Change title color on hover *\\\/\\n    text-decoration: underline; \\\/* Underline on hover *\\\/\\n}&quot;}\" data-widget_type=\"shortcode.default\">\n\t\t\t\t<div class=\"elementor-widget-container\">\n\t\t\t\t\t\t\t<div class=\"elementor-shortcode\">\n<div class=\"custom-posts-wrapper\"><div class=\"custom-post-item\"><div class=\"date-title-wrapper\"><p class=\"custom-date\"><span class=\"day\">21<\/span><span class=\"month\">Dec<\/span><span class=\"year\">2017<\/span><\/p><span class=\"custom-title\"><a href=\"https:\/\/www.fiwonline.de\/en\/rede-von-johannes-laitenberger-accuracy-and-administrability-go-hand-in-hand\/\">Rede von Johannes Laitenberger: \u201eAccuracy and administrability go hand in hand\u201c<\/a><\/span><\/div><\/div><div class=\"custom-post-item\"><div class=\"date-title-wrapper\"><p class=\"custom-date\"><span class=\"day\">21<\/span><span class=\"month\">Dec<\/span><span class=\"year\">2017<\/span><\/p><span class=\"custom-title\"><a href=\"https:\/\/www.fiwonline.de\/en\/eu-kommission-genehmigt-ermaessigungen-bei-der-eeg-umlage-bei-bestandsanlagen-zur-eigenversorgung-bei-kwk-neuanlagen-hingegen-nicht\/\">EU-Kommission genehmigt Erm\u00e4\u00dfigungen bei der EEG-Umlage bei Bestandsanlagen zur Eigenversorgung, bei KWK-Neuanlagen hingegen nicht<\/a><\/span><\/div><\/div><div class=\"custom-post-item\"><div class=\"date-title-wrapper\"><p class=\"custom-date\"><span class=\"day\">15<\/span><span class=\"month\">Dec<\/span><span class=\"year\">2017<\/span><\/p><span class=\"custom-title\"><a href=\"https:\/\/www.fiwonline.de\/en\/gruene-legen-ueberarbeiteten-gesetzesvorschlag-zum-gruppenverfahren-vor\/\">Gr\u00fcne legen \u00fcberarbeiteten Gesetzesvorschlag zum Gruppenverfahren vor<\/a><\/span><\/div><\/div><div class=\"custom-post-item\"><div class=\"date-title-wrapper\"><p class=\"custom-date\"><span class=\"day\">7<\/span><span class=\"month\">Dec<\/span><span class=\"year\">2017<\/span><\/p><span class=\"custom-title\"><a href=\"https:\/\/www.fiwonline.de\/en\/eugh-anbieter-von-luxusmarken-koennen-verkaeufe-ueber-drittplattformen-verbieten-coty-germany-gmbh-urteil-vom-06-12-2017-c-230-16\/\">EuGH: Anbieter von Luxusmarken k\u00f6nnen Verk\u00e4ufe \u00fcber Drittplattformen verbieten (Coty Germany GmbH &#8211;  Urteil vom 06.12.2017 &#8211; C-230\/16)<\/a><\/span><\/div><\/div><div class=\"custom-post-item\"><div class=\"date-title-wrapper\"><p class=\"custom-date\"><span class=\"day\">7<\/span><span class=\"month\">Dec<\/span><span class=\"year\">2017<\/span><\/p><span class=\"custom-title\"><a href=\"https:\/\/www.fiwonline.de\/en\/eu-kollektiver-rechtsschutz-quo-vadis\/\">EU: Kollektiver Rechtsschutz \u2013 quo vadis?<\/a><\/span><\/div><\/div><div class=\"custom-post-item\"><div class=\"date-title-wrapper\"><p class=\"custom-date\"><span class=\"day\">1<\/span><span class=\"month\">Dec<\/span><span class=\"year\">2017<\/span><\/p><span class=\"custom-title\"><a href=\"https:\/\/www.fiwonline.de\/en\/eu-kommission-und-china-beginnen-einen-neuen-dialog-ueber-beihilfenkontrolle-und-zur-wettbewerbspolitik\/\">EU-Kommission und China beginnen einen neuen Dialog \u00fcber Beihilfenkontrolle und zur Wettbewerbspolitik<\/a><\/span><\/div><\/div><div class=\"custom-post-item\"><div class=\"date-title-wrapper\"><p class=\"custom-date\"><span class=\"day\">16<\/span><span class=\"month\">Nov<\/span><span class=\"year\">2017<\/span><\/p><span class=\"custom-title\"><a href=\"https:\/\/www.fiwonline.de\/en\/veranstaltung-des-bdi-zu-private-kartellrechtsdurchsetzung-in-deutschland-u-s-amerikanisierung-oder-effektivierung\/\">Veranstaltung des BDI zu \u201ePrivate Kartellrechtsdurchsetzung in Deutschland \u2013 U.S. Amerikanisierung oder Effektivierung?\u201c<\/a><\/span><\/div><\/div><div class=\"custom-post-item\"><div class=\"date-title-wrapper\"><p class=\"custom-date\"><span class=\"day\">3<\/span><span class=\"month\">Nov<\/span><span class=\"year\">2017<\/span><\/p><span class=\"custom-title\"><a href=\"https:\/\/www.fiwonline.de\/en\/bildung-eines-aufbaustabs-beim-bundeskartellamt-fuer-neues-wettbewerbsregister\/\">Bildung eines Aufbaustabs beim Bundeskartellamt f\u00fcr neues Wettbewerbsregister<\/a><\/span><\/div><\/div><div class=\"custom-post-item\"><div class=\"date-title-wrapper\"><p class=\"custom-date\"><span class=\"day\">23<\/span><span class=\"month\">Oct<\/span><span class=\"year\">2017<\/span><\/p><span class=\"custom-title\"><a href=\"https:\/\/www.fiwonline.de\/en\/arbeitskreis-kartellrecht-des-bundeskartellamts-tagt-zu-innovationen\/\">Arbeitskreis Kartellrecht des Bundeskartellamts tagt zu Innovationen<\/a><\/span><\/div><\/div><div class=\"custom-post-item\"><div class=\"date-title-wrapper\"><p class=\"custom-date\"><span class=\"day\">23<\/span><span class=\"month\">Oct<\/span><span class=\"year\">2017<\/span><\/p><span class=\"custom-title\"><a href=\"https:\/\/www.fiwonline.de\/en\/eu-neue-entwicklungen-aus-bruessel-zu-sammelklagen-kollektivem-rechtsschutz\/\">EU: Neue Entwicklungen aus Br\u00fcssel zu Sammelklagen\/kollektivem Rechtsschutz<\/a><\/span><\/div><\/div><div class=\"custom-post-item\"><div class=\"date-title-wrapper\"><p class=\"custom-date\"><span class=\"day\">16<\/span><span class=\"month\">Oct<\/span><span class=\"year\">2017<\/span><\/p><span class=\"custom-title\"><a href=\"https:\/\/www.fiwonline.de\/en\/monopolkommission-legt-sondergutachten-zu-wettbewerb-auf-energiemaerkten-vor\/\">Monopolkommission legt Sondergutachten zu Wettbewerb auf Energiem\u00e4rkten vor<\/a><\/span><\/div><\/div><div class=\"custom-post-item\"><div class=\"date-title-wrapper\"><p class=\"custom-date\"><span class=\"day\">16<\/span><span class=\"month\">Oct<\/span><span class=\"year\">2017<\/span><\/p><span class=\"custom-title\"><a href=\"https:\/\/www.fiwonline.de\/en\/bundeskartellamt-bringt-schriftenreihe-heraus-und-startet-veranstaltungsreihe-arbeitskreis-wettbewerbsoekonomie\/\">Bundeskartellamt bringt Schriftenreihe heraus und startet Veranstaltungsreihe \u201eArbeitskreis Wettbewerbs\u00f6konomie\u201c<\/a><\/span><\/div><\/div><div class=\"custom-post-item\"><div class=\"date-title-wrapper\"><p class=\"custom-date\"><span class=\"day\">13<\/span><span class=\"month\">Oct<\/span><span class=\"year\">2017<\/span><\/p><span class=\"custom-title\"><a href=\"https:\/\/www.fiwonline.de\/en\/eu-kommission-verweist-irland-an-den-gerichtshof-wegen-nichtumsetzung-von-steuerrueckzahlungen-apple\/\">EU-Kommission verweist Irland an den Gerichtshof wegen Nichtumsetzung von Steuerr\u00fcckzahlungen (Apple)<\/a><\/span><\/div><\/div><div class=\"custom-post-item\"><div class=\"date-title-wrapper\"><p class=\"custom-date\"><span class=\"day\">13<\/span><span class=\"month\">Oct<\/span><span class=\"year\">2017<\/span><\/p><span class=\"custom-title\"><a href=\"https:\/\/www.fiwonline.de\/en\/usa-makan-delrahim-ist-neuer-assistant-attorney-general-der-doj-unter-trump\/\">USA: Makan Delrahim ist neuer Assistant Attorney General der DOJ unter Trump<\/a><\/span><\/div><\/div><div class=\"custom-post-item\"><div class=\"date-title-wrapper\"><p class=\"custom-date\"><span class=\"day\">4<\/span><span class=\"month\">Oct<\/span><span class=\"year\">2017<\/span><\/p><span class=\"custom-title\"><a href=\"https:\/\/www.fiwonline.de\/en\/compliance-ratgeber-fuer-den-mittelstand\/\">Compliance-Ratgeber f\u00fcr den Mittelstand<\/a><\/span><\/div><\/div><div class=\"custom-post-item\"><div class=\"date-title-wrapper\"><p class=\"custom-date\"><span class=\"day\">4<\/span><span class=\"month\">Oct<\/span><span class=\"year\">2017<\/span><\/p><span class=\"custom-title\"><a href=\"https:\/\/www.fiwonline.de\/en\/bundeskartellamt-twittert-seit-dem-4-oktober-2017\/\">Bundeskartellamt twittert seit dem 4. Oktober 2017<\/a><\/span><\/div><\/div><div class=\"custom-post-item\"><div class=\"date-title-wrapper\"><p class=\"custom-date\"><span class=\"day\">4<\/span><span class=\"month\">Oct<\/span><span class=\"year\">2017<\/span><\/p><span class=\"custom-title\"><a href=\"https:\/\/www.fiwonline.de\/en\/berichterstatter-im-econ-ep-veroeffentlicht-berichtsentwurf-zum-richtlinienvorschlag-der-eu-kommission-zur-staerkung-der-durchsetzungsbefugnisse-der-nationalen-wettbewerbsbehoerden-ecn-plus\/\">Berichterstatter im ECON (EP) ver\u00f6ffentlicht Berichtsentwurf zum Richtlinienvorschlag der EU-Kommission zur St\u00e4rkung der Durchsetzungsbefugnisse der nationalen Wettbewerbsbeh\u00f6rden (ECN Plus)<\/a><\/span><\/div><\/div><div class=\"custom-post-item\"><div class=\"date-title-wrapper\"><p class=\"custom-date\"><span class=\"day\">21<\/span><span class=\"month\">Sep<\/span><span class=\"year\">2017<\/span><\/p><span class=\"custom-title\"><a href=\"https:\/\/www.fiwonline.de\/en\/uk-cma-legt-bericht-ueber-die-zukunft-der-wettbewerbspolitik-nach-dem-brexit-vor-eingabe-an-das-house-of-lords\/\">UK: CMA legt Bericht \u00fcber die Zukunft der Wettbewerbspolitik nach dem Brexit vor (Eingabe an das House of Lords)<\/a><\/span><\/div><\/div><div class=\"custom-post-item\"><div class=\"date-title-wrapper\"><p class=\"custom-date\"><span class=\"day\">1<\/span><span class=\"month\">Sep<\/span><span class=\"year\">2017<\/span><\/p><span class=\"custom-title\"><a href=\"https:\/\/www.fiwonline.de\/en\/eu-kommission-hat-verbraucherbarometer-2017-veroeffentlicht\/\">EU-Kommission hat Verbraucherbarometer 2017 ver\u00f6ffentlicht<\/a><\/span><\/div><\/div><div class=\"custom-post-item\"><div class=\"date-title-wrapper\"><p class=\"custom-date\"><span class=\"day\">30<\/span><span class=\"month\">Aug<\/span><span class=\"year\">2017<\/span><\/p><span class=\"custom-title\"><a href=\"https:\/\/www.fiwonline.de\/en\/bgh-urteil-vom-09-05-2017-1-strafsenat-zur-bedeutung-von-compliance-bei-der-bussgeldbemessung\/\">BGH-Urteil vom 09.05.2017 (1. Strafsenat) zur Bedeutung von Compliance bei der Bu\u00dfgeldbemessung<\/a><\/span><\/div><\/div><div class=\"custom-post-item\"><div class=\"date-title-wrapper\"><p class=\"custom-date\"><span class=\"day\">28<\/span><span class=\"month\">Aug<\/span><span class=\"year\">2017<\/span><\/p><span class=\"custom-title\"><a href=\"https:\/\/www.fiwonline.de\/en\/monopolkommission-hat-sondergutachten-zur-wettbewerbssituation-im-schienenverkehr-vorgelegt\/\">Monopolkommission hat Sondergutachten zur Wettbewerbssituation im Schienenverkehr vorgelegt<\/a><\/span><\/div><\/div><div class=\"custom-post-item\"><div class=\"date-title-wrapper\"><p class=\"custom-date\"><span class=\"day\">7<\/span><span class=\"month\">Aug<\/span><span class=\"year\">2017<\/span><\/p><span class=\"custom-title\"><a href=\"https:\/\/www.fiwonline.de\/en\/bundeskartellamt-veroeffentlicht-abschlussbericht-zu-zement-und-transportbeton\/\">Bundeskartellamt ver\u00f6ffentlicht Abschlussbericht zu Zement und Transportbeton<\/a><\/span><\/div><\/div><div class=\"custom-post-item\"><div class=\"date-title-wrapper\"><p class=\"custom-date\"><span class=\"day\">7<\/span><span class=\"month\">Aug<\/span><span class=\"year\">2017<\/span><\/p><span class=\"custom-title\"><a href=\"https:\/\/www.fiwonline.de\/en\/erste-aussprache-im-econ-ep-zum-richtlinienvorschlag-der-eu-kommission-zur-staerkung-der-durchsetzungsbefugnisse-der-nationalen-wettbewerbsbehoerden\/\">Erste Aussprache im ECON (EP) zum Richtlinienvorschlag der EU-Kommission zur St\u00e4rkung der Durchsetzungsbefugnisse der nationalen Wettbewerbsbeh\u00f6rden<\/a><\/span><\/div><\/div><div class=\"custom-post-item\"><div class=\"date-title-wrapper\"><p class=\"custom-date\"><span class=\"day\">13<\/span><span class=\"month\">Jul<\/span><span class=\"year\">2017<\/span><\/p><span class=\"custom-title\"><a href=\"https:\/\/www.fiwonline.de\/en\/bundeskartellamt-veroeffentlicht-finales-hinweispapier-zum-preisbindungsverbot-im-lebensmittelhandel\/\">Bundeskartellamt ver\u00f6ffentlicht finales Hinweispapier zum Preisbindungsverbot im Lebensmittelhandel<\/a><\/span><\/div><\/div><div class=\"custom-post-item\"><div class=\"date-title-wrapper\"><p class=\"custom-date\"><span class=\"day\">6<\/span><span class=\"month\">Jul<\/span><span class=\"year\">2017<\/span><\/p><span class=\"custom-title\"><a href=\"https:\/\/www.fiwonline.de\/en\/wettbewerbsregister-wird-beim-bundeskartellamt-angesiedelt-relevanz-fuer-kartellverstoesse\/\">Wettbewerbsregister wird beim Bundeskartellamt angesiedelt \u2013 Relevanz f\u00fcr Kartellverst\u00f6\u00dfe<\/a><\/span><\/div><\/div><div class=\"custom-post-item\"><div class=\"date-title-wrapper\"><p class=\"custom-date\"><span class=\"day\">5<\/span><span class=\"month\">Jul<\/span><span class=\"year\">2017<\/span><\/p><span class=\"custom-title\"><a href=\"https:\/\/www.fiwonline.de\/en\/bundeskartellamt-stellt-taetigkeitsbericht-2015-16-und-jahresbericht-2016-vor-stellungnahme-der-bundesregierung-zum-taetigkeitsbericht\/\">Bundeskartellamt stellt T\u00e4tigkeitsbericht 2015\/16 und Jahresbericht 2016 vor \u2013 Stellungnahme der Bundesregierung zum T\u00e4tigkeitsbericht<\/a><\/span><\/div><\/div><div class=\"custom-post-item\"><div class=\"date-title-wrapper\"><p class=\"custom-date\"><span class=\"day\">4<\/span><span class=\"month\">Jul<\/span><span class=\"year\">2017<\/span><\/p><span class=\"custom-title\"><a href=\"https:\/\/www.fiwonline.de\/en\/bundesjustizminister-maas-plant-regelungen-zur-kontrolle-von-algorithmen\/\">Bundesjustizminister Maas plant Regelungen zur Kontrolle von Algorithmen<\/a><\/span><\/div><\/div><div class=\"custom-post-item\"><div class=\"date-title-wrapper\"><p class=\"custom-date\"><span class=\"day\">4<\/span><span class=\"month\">Jul<\/span><span class=\"year\">2017<\/span><\/p><span class=\"custom-title\"><a href=\"https:\/\/www.fiwonline.de\/en\/eu-kommission-verhaengt-hoechstes-bussgeld-gegen-google\/\">EU-Kommission verh\u00e4ngt h\u00f6chstes Bu\u00dfgeld gegen Google<\/a><\/span><\/div><\/div><div class=\"custom-post-item\"><div class=\"date-title-wrapper\"><p class=\"custom-date\"><span class=\"day\">3<\/span><span class=\"month\">Jul<\/span><span class=\"year\">2017<\/span><\/p><span class=\"custom-title\"><a href=\"https:\/\/www.fiwonline.de\/en\/eu-eingabe-an-die-oecd-zur-kartellrechtlichen-behandlung-von-algorithmen\/\">EU-Eingabe an die OECD zur kartellrechtlichen Behandlung von Algorithmen<\/a><\/span><\/div><\/div><div class=\"custom-post-item\"><div class=\"date-title-wrapper\"><p class=\"custom-date\"><span class=\"day\">28<\/span><span class=\"month\">Jun<\/span><span class=\"year\">2017<\/span><\/p><span class=\"custom-title\"><a href=\"https:\/\/www.fiwonline.de\/en\/45-fiw-seminar-fand-am-20-und-21-juni-2017-in-bonn-statt\/\">45. FIW-Seminar fand am 20. und 21. Juni 2017 in Bonn statt<\/a><\/span><\/div><\/div><div class=\"custom-post-item\"><div class=\"date-title-wrapper\"><p class=\"custom-date\"><span class=\"day\">1<\/span><span class=\"month\">Jun<\/span><span class=\"year\">2017<\/span><\/p><span class=\"custom-title\"><a href=\"https:\/\/www.fiwonline.de\/en\/bundeskartellamt-veroeffentlicht-leitfaden-zusagen-in-der-fusionskontrolle\/\">Bundeskartellamt ver\u00f6ffentlicht Leitfaden \u201eZusagen in der Fusionskontrolle\u201c<\/a><\/span><\/div><\/div><div class=\"custom-post-item\"><div class=\"date-title-wrapper\"><p class=\"custom-date\"><span class=\"day\">30<\/span><span class=\"month\">May<\/span><span class=\"year\">2017<\/span><\/p><span class=\"custom-title\"><a href=\"https:\/\/www.fiwonline.de\/en\/eu-kommission-veroeffentlicht-fragebogen-zu-kollektivem-rechtsschutz-konsultation\/\">EU-Kommission ver\u00f6ffentlicht Fragebogen zu kollektivem Rechtsschutz (Konsultation)<\/a><\/span><\/div><\/div><div class=\"custom-post-item\"><div class=\"date-title-wrapper\"><p class=\"custom-date\"><span class=\"day\">30<\/span><span class=\"month\">May<\/span><span class=\"year\">2017<\/span><\/p><span class=\"custom-title\"><a href=\"https:\/\/www.fiwonline.de\/en\/eu-kommission-genehmigt-ermaessigungen-bei-kwk-umlagen-fuer-energieintensive-unternehmen-in-deutschland\/\">EU-Kommission genehmigt Erm\u00e4\u00dfigungen bei KWK-Umlagen f\u00fcr energieintensive Unternehmen in Deutschland<\/a><\/span><\/div><\/div><div class=\"custom-post-item\"><div class=\"date-title-wrapper\"><p class=\"custom-date\"><span class=\"day\">17<\/span><span class=\"month\">May<\/span><span class=\"year\">2017<\/span><\/p><span class=\"custom-title\"><a href=\"https:\/\/www.fiwonline.de\/en\/anhoerung-im-bt-finanzausschuss-beihilfenrecht-in-geplanter-aenderung-des-energie-und-stromsteuergesetz\/\">Anh\u00f6rung im BT-Finanzausschuss: Beihilfenrecht in geplanter \u00c4nderung des Energie- und Stromsteuergesetz<\/a><\/span><\/div><\/div><div class=\"custom-post-item\"><div class=\"date-title-wrapper\"><p class=\"custom-date\"><span class=\"day\">12<\/span><span class=\"month\">May<\/span><span class=\"year\">2017<\/span><\/p><span class=\"custom-title\"><a href=\"https:\/\/www.fiwonline.de\/en\/eu-kommission-veroeffentlicht-abschlussbericht-zur-sektoruntersuchung-im-elektroni-schen-handel\/\">EU-Kommission ver\u00f6ffentlicht Abschlussbericht zur Sektoruntersuchung im elektroni-schen Handel<\/a><\/span><\/div><\/div><div class=\"custom-post-item\"><div class=\"date-title-wrapper\"><p class=\"custom-date\"><span class=\"day\">12<\/span><span class=\"month\">May<\/span><span class=\"year\">2017<\/span><\/p><span class=\"custom-title\"><a href=\"https:\/\/www.fiwonline.de\/en\/bundeskartellamt-legt-abschlussbericht-zum-submetering-vor-ablesedienste-von-heiz-und-wasserkosten\/\">Bundeskartellamt legt Abschlussbericht zum Submetering vor (Ablesedienste von Heiz- und Wasserkosten)<\/a><\/span><\/div><\/div><div class=\"custom-post-item\"><div class=\"date-title-wrapper\"><p class=\"custom-date\"><span class=\"day\">2<\/span><span class=\"month\">May<\/span><span class=\"year\">2017<\/span><\/p><span class=\"custom-title\"><a href=\"https:\/\/www.fiwonline.de\/en\/oesterreich-fuehrt-transaktionsbezogene-umsatzschwelle-in-der-fusionskontrolle-ein\/\">\u00d6sterreich f\u00fchrt transaktionsbezogene Umsatzschwelle in der Fusionskontrolle ein<\/a><\/span><\/div><\/div><div class=\"custom-post-item\"><div class=\"date-title-wrapper\"><p class=\"custom-date\"><span class=\"day\">3<\/span><span class=\"month\">Apr<\/span><span class=\"year\">2017<\/span><\/p><span class=\"custom-title\"><a href=\"https:\/\/www.fiwonline.de\/en\/50-fiw-symposion-globalisierung-und-digitalisierung-passt-die-wettbewerbsordnung-noch-in-unsere-zeit\/\">50. FIW-Symposion \u2013 Globalisierung und Digitalisierung: Passt die Wettbewerbsordnung noch in unsere Zeit?<\/a><\/span><\/div><\/div><div class=\"custom-post-item\"><div class=\"date-title-wrapper\"><p class=\"custom-date\"><span class=\"day\">22<\/span><span class=\"month\">Mar<\/span><span class=\"year\">2017<\/span><\/p><span class=\"custom-title\"><a href=\"https:\/\/www.fiwonline.de\/en\/rede-18-internationale-kartellkonferenz-des-bundeskartellamts-von-margrethe-vestager-algorithms-and-competition\/\">Rede (18. Internationale Kartellkonferenz des Bundeskartellamts) von Margrethe Vestager: \u201eAlgorithms and competition\u201c<\/a><\/span><\/div><\/div><div class=\"custom-post-item\"><div class=\"date-title-wrapper\"><p class=\"custom-date\"><span class=\"day\">21<\/span><span class=\"month\">Mar<\/span><span class=\"year\">2017<\/span><\/p><span class=\"custom-title\"><a href=\"https:\/\/www.fiwonline.de\/en\/veroeffentlichung-des-weissbuchs-zu-digitalen-plattformen-wettbewerbsrechtliche-aspekte\/\">Ver\u00f6ffentlichung des Wei\u00dfbuchs zu digitalen Plattformen \u2013 Wettbewerbsrechtliche Aspekte<\/a><\/span><\/div><\/div><div class=\"custom-post-item\"><div class=\"date-title-wrapper\"><p class=\"custom-date\"><span class=\"day\">21<\/span><span class=\"month\">Mar<\/span><span class=\"year\">2017<\/span><\/p><span class=\"custom-title\"><a href=\"https:\/\/www.fiwonline.de\/en\/50-fiw-symposion-fand-vom-1-3-maerz-2017-in-innsbruck-statt\/\">50. FIW-Symposion fand vom 1.- 3. M\u00e4rz 2017 in Innsbruck statt<\/a><\/span><\/div><\/div><div class=\"custom-post-item\"><div class=\"date-title-wrapper\"><p class=\"custom-date\"><span class=\"day\">20<\/span><span class=\"month\">Mar<\/span><span class=\"year\">2017<\/span><\/p><span class=\"custom-title\"><a href=\"https:\/\/www.fiwonline.de\/en\/eu-kom-fuehrt-whistleblowing-hinweisgebersystem-fuer-kartellverstoesse-ein\/\">EU-KOM f\u00fchrt Whistleblowing (Hinweisgebersystem) f\u00fcr Kartellverst\u00f6\u00dfe ein<\/a><\/span><\/div><\/div><div class=\"custom-post-item\"><div class=\"date-title-wrapper\"><p class=\"custom-date\"><span class=\"day\">7<\/span><span class=\"month\">Mar<\/span><span class=\"year\">2017<\/span><\/p><span class=\"custom-title\"><a href=\"https:\/\/www.fiwonline.de\/en\/50-fiw-symposion-in-innsbruck-rede-andreas-mundt\/\">50. FIW-Symposion in Innsbruck \u2013 Rede Andreas Mundt<\/a><\/span><\/div><\/div><div class=\"custom-post-item\"><div class=\"date-title-wrapper\"><p class=\"custom-date\"><span class=\"day\">24<\/span><span class=\"month\">Feb<\/span><span class=\"year\">2017<\/span><\/p><span class=\"custom-title\"><a href=\"https:\/\/www.fiwonline.de\/en\/bundeskartellamt-veroeffentlicht-informationsbroschuere-zur-kartellbekaempfung\/\">Bundeskartellamt ver\u00f6ffentlicht Informationsbrosch\u00fcre zur Kartellbek\u00e4mpfung<\/a><\/span><\/div><\/div><div class=\"custom-post-item\"><div class=\"date-title-wrapper\"><p class=\"custom-date\"><span class=\"day\">22<\/span><span class=\"month\">Feb<\/span><span class=\"year\">2017<\/span><\/p><span class=\"custom-title\"><a href=\"https:\/\/www.fiwonline.de\/en\/9-gwb-novelle-2-3-lesung-im-bundestag-fuer-den-09-03-2017-anberaumt\/\">9. GWB-Novelle: 2.\/3. Lesung im Bundestag f\u00fcr den 09.03.2017 anberaumt<\/a><\/span><\/div><\/div><div class=\"custom-post-item\"><div class=\"date-title-wrapper\"><p class=\"custom-date\"><span class=\"day\">17<\/span><span class=\"month\">Feb<\/span><span class=\"year\">2017<\/span><\/p><span class=\"custom-title\"><a href=\"https:\/\/www.fiwonline.de\/en\/eu-kommission-leitet-vertragsverletzungsverfahren-gegen-deutschland-ein\/\">EU-Kommission leitet Vertragsverletzungsverfahren gegen Deutschland ein<\/a><\/span><\/div><\/div><div class=\"custom-post-item\"><div class=\"date-title-wrapper\"><p class=\"custom-date\"><span class=\"day\">1<\/span><span class=\"month\">Feb<\/span><span class=\"year\">2017<\/span><\/p><span class=\"custom-title\"><a href=\"https:\/\/www.fiwonline.de\/en\/kartellrechtswidriger-informationsaustausch-olg-duesseldorf-hat-bussgelder-gegen-suesswarenhersteller-bestaetigt\/\">Kartellrechtswidriger Informationsaustausch: OLG D\u00fcsseldorf hat Bu\u00dfgelder gegen S\u00fc\u00dfwarenhersteller best\u00e4tigt<\/a><\/span><\/div><\/div><div class=\"custom-post-item\"><div class=\"date-title-wrapper\"><p class=\"custom-date\"><span class=\"day\">27<\/span><span class=\"month\">Jan<\/span><span class=\"year\">2017<\/span><\/p><span class=\"custom-title\"><a href=\"https:\/\/www.fiwonline.de\/en\/bundeskartellamt-veroeffentlicht-hinweispapier-zum-preisbindungsverbot-im-lebensmittelhandel\/\">Bundeskartellamt ver\u00f6ffentlicht Hinweispapier zum Preisbindungsverbot im Lebensmittelhandel<\/a><\/span><\/div><\/div><div class=\"custom-post-item\"><div class=\"date-title-wrapper\"><p class=\"custom-date\"><span class=\"day\">27<\/span><span class=\"month\">Jan<\/span><span class=\"year\">2017<\/span><\/p><span class=\"custom-title\"><a href=\"https:\/\/www.fiwonline.de\/en\/oeffentliche-anhoerung-zur-gwb-novelle-im-bundestagsausschuss\/\">\u00d6ffentliche Anh\u00f6rung zur GWB-Novelle im Bundestagsausschuss<\/a><\/span><\/div><\/div><div class=\"custom-post-item\"><div class=\"date-title-wrapper\"><p class=\"custom-date\"><span class=\"day\">25<\/span><span class=\"month\">Jan<\/span><span class=\"year\">2017<\/span><\/p><span class=\"custom-title\"><a href=\"https:\/\/www.fiwonline.de\/en\/das-ende-der-wurstluecke\/\">Das Ende der Wurstl\u00fccke?<\/a><\/span><\/div><\/div><\/div><\/div>\n\t\t\t\t\t\t<\/div>\n\t\t\t\t<\/div>\n\t\t\t\t<div class=\"elementor-element elementor-element-57e6ba4f flex-horizontal-align-default flex-horizontal-align-tablet-default flex-horizontal-align-mobile-default flex-vertical-align-default flex-vertical-align-tablet-default flex-vertical-align-mobile-default elementor-widget elementor-widget-spacer\" data-id=\"57e6ba4f\" data-element_type=\"widget\" data-e-type=\"widget\" data-widget_type=\"spacer.default\">\n\t\t\t\t<div class=\"elementor-widget-container\">\n\t\t\t\t\t\t\t<div class=\"elementor-spacer\">\n\t\t\t<div class=\"elementor-spacer-inner\"><\/div>\n\t\t<\/div>\n\t\t\t\t\t\t<\/div>\n\t\t\t\t<\/div>\n\t\t\t\t<\/div>\n\t\t\t\t\t<\/div>\n\t\t\t\t<\/div>\n\t\t\t\t<\/div>","protected":false},"excerpt":{"rendered":"<p>Archiv 2017<\/p>","protected":false},"author":3,"featured_media":0,"parent":3662,"menu_order":16,"comment_status":"closed","ping_status":"closed","template":"page-fullwidth.php","meta":{"_acf_changed":false,"footnotes":""},"folder":[1231],"class_list":["post-6172","page","type-page","status-publish"],"acf":[],"_links":{"self":[{"href":"https:\/\/www.fiwonline.de\/en\/wp-json\/wp\/v2\/pages\/6172","targetHints":{"allow":["GET"]}}],"collection":[{"href":"https:\/\/www.fiwonline.de\/en\/wp-json\/wp\/v2\/pages"}],"about":[{"href":"https:\/\/www.fiwonline.de\/en\/wp-json\/wp\/v2\/types\/page"}],"author":[{"embeddable":true,"href":"https:\/\/www.fiwonline.de\/en\/wp-json\/wp\/v2\/users\/3"}],"replies":[{"embeddable":true,"href":"https:\/\/www.fiwonline.de\/en\/wp-json\/wp\/v2\/comments?post=6172"}],"version-history":[{"count":0,"href":"https:\/\/www.fiwonline.de\/en\/wp-json\/wp\/v2\/pages\/6172\/revisions"}],"up":[{"embeddable":true,"href":"https:\/\/www.fiwonline.de\/en\/wp-json\/wp\/v2\/pages\/3662"}],"wp:attachment":[{"href":"https:\/\/www.fiwonline.de\/en\/wp-json\/wp\/v2\/media?parent=6172"}],"wp:term":[{"taxonomy":"folder","embeddable":true,"href":"https:\/\/www.fiwonline.de\/en\/wp-json\/wp\/v2\/folder?post=6172"}],"curies":[{"name":"wp","href":"https:\/\/api.w.org\/{rel}","templated":true}]}}